{"id":18563,"date":"2024-05-24T10:00:45","date_gmt":"2024-05-24T10:00:45","guid":{"rendered":"https:\/\/puntdereferencia.org\/que-fem\/"},"modified":"2024-09-16T13:34:39","modified_gmt":"2024-09-16T13:34:39","slug":"que-hacemos","status":"publish","type":"page","link":"https:\/\/puntdereferencia.org\/es\/que-hacemos\/","title":{"rendered":"Qu\u00e9 hacemos"},"content":{"rendered":"<div id='av_section_1'  class='avia-section av-4k6cy-f6f23a198824bf042bb331f8ec9aa35e main_color avia-section-default avia-no-border-styling  avia-builder-el-0  el_before_av_section  avia-builder-el-first  avia-bg-style-scroll container_wrap fullsize'  ><div class='container av-section-cont-open' ><main  role=\"main\" itemprop=\"mainContentOfPage\"  class='template-page content  av-content-full alpha units'><div class='post-entry post-entry-type-page post-entry-18563'><div class='entry-content-wrapper clearfix'>\n<div class='flex_column_table av-3ot1e-187b07094939ae7956f0f73aa2cd2afe sc-av_one_half av-equal-height-column-flextable'><div  class='flex_column av-3ot1e-187b07094939ae7956f0f73aa2cd2afe av_one_half  avia-builder-el-1  el_before_av_one_half  avia-builder-el-first  first flex_column_table_cell av-equal-height-column av-align-top  '     ><p><section  class='av_textblock_section av-36kha-667f6cb76e5f8c9966bd2b622917bd4e '   itemscope=\"itemscope\" itemtype=\"https:\/\/schema.org\/CreativeWork\" ><div class='avia_textblock nomseccioblau'  itemprop=\"text\" ><p>QU\u00c9 HACEMOS<\/p>\n<\/div><\/section><br \/>\n<section  class='av_textblock_section av-lxhq1e00-6ae2e782e0ef13cd9be0364679ac5208 '   itemscope=\"itemscope\" itemtype=\"https:\/\/schema.org\/CreativeWork\" ><div class='avia_textblock'  itemprop=\"text\" ><h1>Cada a\u00f1o en Catalu\u00f1a 1.000 j\u00f3venes cumplen 18 a\u00f1os y dejan de estar tutelados<\/h1>\n<\/div><\/section><br \/>\n\n<style type=\"text\/css\" data-created_by=\"avia_inline_auto\" id=\"style-css-av-2pgte-cc592a8b51ee7843b6d026f2120b52c7\">\n#top .hr.hr-invisible.av-2pgte-cc592a8b51ee7843b6d026f2120b52c7{\nheight:40px;\n}\n<\/style>\n<div  class='hr av-2pgte-cc592a8b51ee7843b6d026f2120b52c7 hr-invisible  avia-builder-el-4  el_after_av_textblock  el_before_av_textblock '><span class='hr-inner '><span class=\"hr-inner-style\"><\/span><\/span><\/div><br \/>\n<section  class='av_textblock_section av-lxhq1kfq-87e6c40e109feccf7b7a7aa1d454e962 '   itemscope=\"itemscope\" itemtype=\"https:\/\/schema.org\/CreativeWork\" ><div class='avia_textblock'  itemprop=\"text\" ><h5>En Punt de Refer\u00e8ncia acompa\u00f1amos a j\u00f3venes sin red familiar de apoyo, especialmente tutelados y extutelados, en su proceso de emancipaci\u00f3n forzada, que tiene lugar cuando cumplen 18 a\u00f1os.<\/h5>\n<\/div><\/section><br \/>\n\n<style type=\"text\/css\" data-created_by=\"avia_inline_auto\" id=\"style-css-av-28h5y-de6200582a0357d706d92be94ee964c8\">\n#top .hr.hr-invisible.av-28h5y-de6200582a0357d706d92be94ee964c8{\nheight:20px;\n}\n<\/style>\n<div  class='hr av-28h5y-de6200582a0357d706d92be94ee964c8 hr-invisible  avia-builder-el-6  el_after_av_textblock  el_before_av_textblock '><span class='hr-inner '><span class=\"hr-inner-style\"><\/span><\/span><\/div><br \/>\n<section  class='av_textblock_section av-lxhq3aul-1e11c1408e0d7b660036271cb844fa93 '   itemscope=\"itemscope\" itemtype=\"https:\/\/schema.org\/CreativeWork\" ><div class='avia_textblock'  itemprop=\"text\" ><p>Trabajamos por la <strong>plena emancipaci\u00f3n de los j\u00f3venes<\/strong> a trav\u00e9s de tres \u00e1reas de acci\u00f3n: dando <strong>apoyo<\/strong> <strong>emocional y formativo<\/strong> gracias a las <strong>personas voluntaria<\/strong>s y en colaboraci\u00f3n con el <strong>equipo t\u00e9cnico<\/strong>, facilitando el <strong>acceso a la vivienda<\/strong> de la juventud vulnerable y fomentando su <strong>participaci\u00f3n<\/strong> en la sociedad.<\/p>\n<p>Y lo hacemos haciendo valer el potencial de los j\u00f3venes, los recursos, las motivaciones y sus sue\u00f1os. Y es ah\u00ed donde tiene raz\u00f3n de ser nuestra acci\u00f3n social, profundamente <strong>transformadora<\/strong>.<\/p>\n<\/div><\/section><\/p><\/div><div class='av-flex-placeholder'><\/div><div  class='flex_column av-60j6-400a1ea6192de2d54643e91943f0f1b5 av_one_half  avia-builder-el-8  el_after_av_one_half  avia-builder-el-last  flex_column_table_cell av-equal-height-column av-align-top  '     ><style type=\"text\/css\" data-created_by=\"avia_inline_auto\" id=\"style-css-av-1p136-189fe5e2713057ae199a0f551f720432\">\n.avia-image-container.av-1p136-189fe5e2713057ae199a0f551f720432 img.avia_image{\nbox-shadow:none;\n}\n.avia-image-container.av-1p136-189fe5e2713057ae199a0f551f720432 .av-image-caption-overlay-center{\ncolor:#ffffff;\n}\n<\/style>\n<div  class='avia-image-container av-1p136-189fe5e2713057ae199a0f551f720432 av-styling-no-styling avia-align-center  avia-builder-el-9  avia-builder-el-no-sibling '   itemprop=\"image\" itemscope=\"itemscope\" itemtype=\"https:\/\/schema.org\/ImageObject\" ><div class=\"avia-image-container-inner\"><div class=\"avia-image-overlay-wrap\"><img decoding=\"async\" fetchpriority=\"high\" class='wp-image-16713 avia-img-lazy-loading-not-16713 avia_image ' src=\"https:\/\/puntdereferencia.org\/wp-content\/uploads\/2024\/06\/quefem.jpg\" alt='Acompa\u00f1amos a j\u00f3venes sin red familiar de apoyo' title='Jovenes_tutelados'  height=\"624\" width=\"610\"  itemprop=\"thumbnailUrl\" srcset=\"https:\/\/puntdereferencia.org\/wp-content\/uploads\/2024\/06\/quefem.jpg 610w, https:\/\/puntdereferencia.org\/wp-content\/uploads\/2024\/06\/quefem-293x300.jpg 293w, https:\/\/puntdereferencia.org\/wp-content\/uploads\/2024\/06\/quefem-36x36.jpg 36w\" sizes=\"(max-width: 610px) 100vw, 610px\" \/><\/div><\/div><\/div><\/div><\/div><!--close column table wrapper. Autoclose: 1 -->\n\n<\/div><\/div><\/main><!-- close content main element --><\/div><\/div>\n<style type=\"text\/css\" data-created_by=\"avia_inline_auto\" id=\"style-css-av-3wlu-2ae23e6686300e871104cd4efe63e5cb\">\n.avia-section.av-3wlu-2ae23e6686300e871104cd4efe63e5cb{\nbackground-color:#ffffff;\nbackground-image:unset;\n}\n<\/style>\n<div id='av_section_2'  class='avia-section av-3wlu-2ae23e6686300e871104cd4efe63e5cb main_color avia-section-default avia-no-border-styling  avia-builder-el-10  el_after_av_section  avia-builder-el-last  avia-bg-style-scroll container_wrap fullsize'  ><div class='container av-section-cont-open' ><div class='template-page content  av-content-full alpha units'><div class='post-entry post-entry-type-page post-entry-18563'><div class='entry-content-wrapper clearfix'>\n<div class='flex_column_table av-8c92-a0fe3eb9edd37b28a96ff48d004121ef sc-av_one_third av-equal-height-column-flextable'>\n<style type=\"text\/css\" data-created_by=\"avia_inline_auto\" id=\"style-css-av-8c92-a0fe3eb9edd37b28a96ff48d004121ef\">\n.flex_column.av-8c92-a0fe3eb9edd37b28a96ff48d004121ef{\npadding:0px 0px 0px 0px;\n}\n<\/style>\n<div  class='flex_column av-8c92-a0fe3eb9edd37b28a96ff48d004121ef av_one_third  avia-builder-el-11  el_before_av_one_third  avia-builder-el-first  first flex_column_table_cell av-equal-height-column av-align-top av-zero-column-padding  '     ><p>\n<style type=\"text\/css\" data-created_by=\"avia_inline_auto\" id=\"style-css-av-3pnu-99247f49168a544c66123e04f2307322\">\n.avia-image-container.av-3pnu-99247f49168a544c66123e04f2307322 img.avia_image{\nbox-shadow:none;\n}\n.avia-image-container.av-3pnu-99247f49168a544c66123e04f2307322 .av-image-caption-overlay-center{\ncolor:#ffffff;\n}\n<\/style>\n<div  class='avia-image-container av-3pnu-99247f49168a544c66123e04f2307322 av-styling-no-styling av-img-linked avia-align-center  avia-builder-el-12  el_before_av_textblock  avia-builder-el-first '   itemprop=\"image\" itemscope=\"itemscope\" itemtype=\"https:\/\/schema.org\/ImageObject\" ><div class=\"avia-image-container-inner\"><div class=\"avia-image-overlay-wrap\"><a href=\"https:\/\/puntdereferencia.org\/es\/que-hacemos-programas\/\" class='avia_image '  aria-label='Programas'><img decoding=\"async\" fetchpriority=\"high\" class='wp-image-16717 avia-img-lazy-loading-not-16717 avia_image ' src=\"https:\/\/puntdereferencia.org\/wp-content\/uploads\/2024\/06\/quefem-habitgedistriub.jpg\" alt='Programas' title='Programas'  height=\"269\" width=\"364\"  itemprop=\"thumbnailUrl\" srcset=\"https:\/\/puntdereferencia.org\/wp-content\/uploads\/2024\/06\/quefem-habitgedistriub.jpg 364w, https:\/\/puntdereferencia.org\/wp-content\/uploads\/2024\/06\/quefem-habitgedistriub-300x222.jpg 300w\" sizes=\"(max-width: 364px) 100vw, 364px\" \/><\/a><\/div><\/div><\/div><br \/>\n\n<style type=\"text\/css\" data-created_by=\"avia_inline_auto\" id=\"style-css-av-lxhqr2e7-e4747da12b1748a206b67a3f806d9435\">\n#top .av_textblock_section.av-lxhqr2e7-e4747da12b1748a206b67a3f806d9435 .avia_textblock{\ncolor:#ffffff;\n}\n<\/style>\n<section  class='av_textblock_section av-lxhqr2e7-e4747da12b1748a206b67a3f806d9435 '   itemscope=\"itemscope\" itemtype=\"https:\/\/schema.org\/CreativeWork\" ><div class='avia_textblock fonsblaucorpo av_inherit_color'  itemprop=\"text\" ><h5 style=\"text-align: center;\"><a href=\"https:\/\/puntdereferencia.org\/es\/que-hacemos-programas\/\"><strong>PROGRAMAS<\/strong><\/a><\/h5>\n<\/div><\/section><br \/>\n<section  class='av_textblock_section av-1mbk2-b0b5f2cb65de7bd676daf0920c8fb64c '   itemscope=\"itemscope\" itemtype=\"https:\/\/schema.org\/CreativeWork\" ><div class='avia_textblock fonsverdpastel av_inherit_color'  itemprop=\"text\" ><h6><a href=\"https:\/\/puntdereferencia.org\/es\/que-hacemos-programas\/#mentoria\"><span style=\"color: #92c56e;\">MENTOR\u00cdA<\/span><\/a><\/h6>\n<p><img loading=\"lazy\" decoding=\"async\" class=\"size-medium wp-image-311 size-full\" src=\"http:\/\/puntdereferencia.org\/wp-content\/uploads\/2024\/06\/rodona-verda-transp.png\" alt=\"\" width=\"22\" height=\"22\" \/> REFERENTES<\/p>\n<p><img loading=\"lazy\" decoding=\"async\" class=\"size-medium wp-image-311 size-full\" src=\"http:\/\/puntdereferencia.org\/wp-content\/uploads\/2024\/06\/rodona-verda-transp.png\" alt=\"\" width=\"22\" height=\"22\" \/> ATENEA<\/p>\n<p><img loading=\"lazy\" decoding=\"async\" class=\"size-medium wp-image-311 size-full\" src=\"http:\/\/puntdereferencia.org\/wp-content\/uploads\/2024\/06\/rodona-verda-transp.png\" alt=\"\" width=\"22\" height=\"22\" \/> ACOGE<\/p>\n<\/div><\/section><br \/>\n<section  class='av_textblock_section av-lxhrjfi4-9fdcac98da84ab05ee5e9cf131d77c52 '   itemscope=\"itemscope\" itemtype=\"https:\/\/schema.org\/CreativeWork\" ><div class='avia_textblock fonsonjapastel av_inherit_color'  itemprop=\"text\" ><h6><a href=\"https:\/\/puntdereferencia.org\/es\/que-hacemos-programas\/#habitatge\"><span style=\"color: #f08050;\">VIVIENDA<\/span><\/a><\/h6>\n<p><img loading=\"lazy\" decoding=\"async\" class=\"alignnone wp-image-319 size-full\" src=\"http:\/\/puntdereferencia.org\/wp-content\/uploads\/2024\/06\/rodona-onja-transp.png\" alt=\"\" width=\"22\" height=\"22\" \/>\u00a0PISOS ASISTIDOS<\/p>\n<p><img loading=\"lazy\" decoding=\"async\" class=\"alignnone wp-image-319 size-full\" src=\"http:\/\/puntdereferencia.org\/wp-content\/uploads\/2024\/06\/rodona-onja-transp.png\" alt=\"\" width=\"22\" height=\"22\" \/> <span class=\"llista-verda\">LLARS EL PAS<\/span><\/p>\n<\/div><\/section><br \/>\n<section  class='av_textblock_section av-r3pq-bad4559c56b62527e814b3cd41f7a409 '   itemscope=\"itemscope\" itemtype=\"https:\/\/schema.org\/CreativeWork\" ><div class='avia_textblock fonslilapastel av_inherit_color'  itemprop=\"text\" ><h6><a href=\"https:\/\/puntdereferencia.org\/es\/que-hacemos-programas\/#suportiparticipacio\"><span style=\"color: #bb9ac6;\">APOYO Y PARTICIPACI\u00d3N<\/span><\/a><\/h6>\n<p><img loading=\"lazy\" decoding=\"async\" class=\"alignnone wp-image-318 size-full\" src=\"http:\/\/puntdereferencia.org\/wp-content\/uploads\/2024\/06\/rodona-lila-transp.png\" alt=\"\" width=\"22\" height=\"22\" \/> TRAYECTO<\/p>\n<p><img loading=\"lazy\" decoding=\"async\" class=\"alignnone wp-image-318 size-full\" src=\"http:\/\/puntdereferencia.org\/wp-content\/uploads\/2024\/06\/rodona-lila-transp.png\" alt=\"\" width=\"22\" height=\"22\" \/> SOM LLAVOR<\/p>\n<\/div><\/section><\/p><\/div><div class='av-flex-placeholder'><\/div>\n<style type=\"text\/css\" data-created_by=\"avia_inline_auto\" id=\"style-css-av-4j7q-ed896a9a3c2be9a5ba7775a3257f09d4\">\n.flex_column.av-4j7q-ed896a9a3c2be9a5ba7775a3257f09d4{\npadding:0px 0px 0px 0px;\n}\n<\/style>\n<div  class='flex_column av-4j7q-ed896a9a3c2be9a5ba7775a3257f09d4 av_one_third  avia-builder-el-17  el_after_av_one_third  el_before_av_one_third  flex_column_table_cell av-equal-height-column av-align-top av-zero-column-padding  '     ><p>\n<style type=\"text\/css\" data-created_by=\"avia_inline_auto\" id=\"style-css-av-lxhqqe1g-b89ad9d04a8614f5e6fc1590d05ed8c2\">\n.avia-image-container.av-lxhqqe1g-b89ad9d04a8614f5e6fc1590d05ed8c2 img.avia_image{\nbox-shadow:none;\n}\n.avia-image-container.av-lxhqqe1g-b89ad9d04a8614f5e6fc1590d05ed8c2 .av-image-caption-overlay-center{\ncolor:#ffffff;\n}\n<\/style>\n<div  class='avia-image-container av-lxhqqe1g-b89ad9d04a8614f5e6fc1590d05ed8c2 av-styling-no-styling av-img-linked avia-align-center  avia-builder-el-18  el_before_av_textblock  avia-builder-el-first '   itemprop=\"image\" itemscope=\"itemscope\" itemtype=\"https:\/\/schema.org\/ImageObject\" ><div class=\"avia-image-container-inner\"><div class=\"avia-image-overlay-wrap\"><a href=\"https:\/\/puntdereferencia.org\/es\/que-hacemos-servicios-entidades\/\" class='avia_image '  aria-label='Servicios_entidades'><img decoding=\"async\" fetchpriority=\"high\" class='wp-image-16721 avia-img-lazy-loading-not-16721 avia_image ' src=\"https:\/\/puntdereferencia.org\/wp-content\/uploads\/2024\/06\/quefem-formacio-distrib-1.jpg\" alt='Servicios para entidades' title='Servicios_entidades'  height=\"269\" width=\"364\"  itemprop=\"thumbnailUrl\" srcset=\"https:\/\/puntdereferencia.org\/wp-content\/uploads\/2024\/06\/quefem-formacio-distrib-1.jpg 364w, https:\/\/puntdereferencia.org\/wp-content\/uploads\/2024\/06\/quefem-formacio-distrib-1-300x222.jpg 300w\" sizes=\"(max-width: 364px) 100vw, 364px\" \/><\/a><\/div><\/div><\/div><br \/>\n\n<style type=\"text\/css\" data-created_by=\"avia_inline_auto\" id=\"style-css-av-xiku-c36cfc02339635137559eb58854354b4\">\n#top .av_textblock_section.av-xiku-c36cfc02339635137559eb58854354b4 .avia_textblock{\ncolor:#ffffff;\n}\n<\/style>\n<section  class='av_textblock_section av-xiku-c36cfc02339635137559eb58854354b4 '   itemscope=\"itemscope\" itemtype=\"https:\/\/schema.org\/CreativeWork\" ><div class='avia_textblock fonsblaucorpo av_inherit_color'  itemprop=\"text\" ><h5 style=\"text-align: center;\"><strong><a href=\"https:\/\/puntdereferencia.org\/es\/que-hacemos-servicios-entidades\/\">SERVICIOS PARA ENTIDADES<\/a><\/strong><\/h5>\n<\/div><\/section><br \/>\n<section  class='av_textblock_section av-r0uy-dc845b1e650ea340d5610ea2b63724be '   itemscope=\"itemscope\" itemtype=\"https:\/\/schema.org\/CreativeWork\" ><div class='avia_textblock fonsblaupastel av_inherit_color'  itemprop=\"text\" ><h6><a href=\"https:\/\/puntdereferencia.org\/es\/que-hacemos-servicios-entidades\/\"><span style=\"color: #3fadcc;\">FORMACI\u00d3N Y CONSULTOR\u00cdA<\/span><\/a><\/h6>\n<p><img loading=\"lazy\" decoding=\"async\" class=\"alignnone wp-image-328 size-full\" src=\"http:\/\/puntdereferencia.org\/wp-content\/uploads\/2024\/06\/rodona-blava-transp.png\" alt=\"\" width=\"22\" height=\"22\" \/> <a href=\"https:\/\/puntdereferencia.org\/es\/que-hacemos-servicios-entidades\/#formacioiconsultoria\" rel=\"noopener\">MENTOR\u00cdA<\/a><\/p>\n<p><img loading=\"lazy\" decoding=\"async\" class=\"alignnone wp-image-328 size-full\" src=\"http:\/\/puntdereferencia.org\/wp-content\/uploads\/2024\/06\/rodona-blava-transp.png\" alt=\"\" width=\"22\" height=\"22\" \/> <a href=\"https:\/\/puntdereferencia.org\/es\/que-hacemos-servicios-entidades\/#formacioacollimentfamiliar\">ACOGIDA FAMILIAR<\/a><\/p>\n<\/div><\/section><\/p><\/div><div class='av-flex-placeholder'><\/div>\n<style type=\"text\/css\" data-created_by=\"avia_inline_auto\" id=\"style-css-av-vy0q-c6092ff8ecb339965a62a90e78acf8e0\">\n.flex_column.av-vy0q-c6092ff8ecb339965a62a90e78acf8e0{\npadding:0px 0px 0px 0px;\n}\n<\/style>\n<div  class='flex_column av-vy0q-c6092ff8ecb339965a62a90e78acf8e0 av_one_third  avia-builder-el-21  el_after_av_one_third  avia-builder-el-last  flex_column_table_cell av-equal-height-column av-align-top av-zero-column-padding  '     ><p>\n<style type=\"text\/css\" data-created_by=\"avia_inline_auto\" id=\"style-css-av-lxhqr79u-344d9a12b309844e97684d55b7f0a3fb\">\n.avia-image-container.av-lxhqr79u-344d9a12b309844e97684d55b7f0a3fb img.avia_image{\nbox-shadow:none;\n}\n.avia-image-container.av-lxhqr79u-344d9a12b309844e97684d55b7f0a3fb .av-image-caption-overlay-center{\ncolor:#ffffff;\n}\n<\/style>\n<div  class='avia-image-container av-lxhqr79u-344d9a12b309844e97684d55b7f0a3fb av-styling-no-styling av-img-linked avia-align-center  avia-builder-el-22  el_before_av_textblock  avia-builder-el-first '   itemprop=\"image\" itemscope=\"itemscope\" itemtype=\"https:\/\/schema.org\/ImageObject\" ><div class=\"avia-image-container-inner\"><div class=\"avia-image-overlay-wrap\"><a href=\"https:\/\/puntdereferencia.org\/es\/que-hacemos-sensibilizacion\/\" class='avia_image '  aria-label='Sensibilizacion'><img decoding=\"async\" fetchpriority=\"high\" class='wp-image-27017 avia-img-lazy-loading-not-27017 avia_image ' src=\"https:\/\/puntdereferencia.org\/wp-content\/uploads\/2024\/09\/JonDavProva.jpg\" alt='Sensibilizaci\u00f3n' title='Sensibilizacion'  height=\"269\" width=\"364\"  itemprop=\"thumbnailUrl\" srcset=\"https:\/\/puntdereferencia.org\/wp-content\/uploads\/2024\/09\/JonDavProva.jpg 364w, https:\/\/puntdereferencia.org\/wp-content\/uploads\/2024\/09\/JonDavProva-300x222.jpg 300w\" sizes=\"(max-width: 364px) 100vw, 364px\" \/><\/a><\/div><\/div><\/div><br \/>\n\n<style type=\"text\/css\" data-created_by=\"avia_inline_auto\" id=\"style-css-av-q52i-ee4fc3c3062872692804ff916efa7388\">\n#top .av_textblock_section.av-q52i-ee4fc3c3062872692804ff916efa7388 .avia_textblock{\ncolor:#ffffff;\n}\n<\/style>\n<section  class='av_textblock_section av-q52i-ee4fc3c3062872692804ff916efa7388 '   itemscope=\"itemscope\" itemtype=\"https:\/\/schema.org\/CreativeWork\" ><div class='avia_textblock fonsblaucorpo av_inherit_color'  itemprop=\"text\" ><h5 style=\"text-align: center;\"><a href=\"https:\/\/puntdereferencia.org\/es\/que-hacemos-sensibilizacion\/\">SENSIBILIZACI\u00d3N<\/a><\/h5>\n<\/div><\/section><br \/>\n<section  class='av_textblock_section av-lxhr0nmu-a007bc19d675625f5ec9b4a1fd283ae4 '   itemscope=\"itemscope\" itemtype=\"https:\/\/schema.org\/CreativeWork\" ><div class='avia_textblock fonsblaupastel av_inherit_color'  itemprop=\"text\" ><h6><a href=\"https:\/\/puntdereferencia.org\/es\/que-fem-sensibilitzacio\/\"><span style=\"color: #3fadcc;\">CAMPA\u00d1AS<\/span><\/a><\/h6>\n<p><img loading=\"lazy\" decoding=\"async\" class=\"alignnone wp-image-328 size-full\" src=\"http:\/\/puntdereferencia.org\/wp-content\/uploads\/2024\/06\/rodona-blava-transp.png\" alt=\"\" width=\"22\" height=\"22\" \/> <a href=\"https:\/\/puntdereferencia.org\/es\/que-hacemos-sensibilizacion\/#ungestunmon\">UN GESTO, UN MUNDO<\/a><\/p>\n<p><img loading=\"lazy\" decoding=\"async\" class=\"alignnone wp-image-328 size-full\" src=\"http:\/\/puntdereferencia.org\/wp-content\/uploads\/2024\/06\/rodona-blava-transp.png\" alt=\"\" width=\"22\" height=\"22\" \/>\u00a0<a href=\"https:\/\/puntdereferencia.org\/es\/que-hacemos-sensibilizacion\/\/#acull\">EL VALOR DE ACOGER<\/a><\/p>\n<\/div><\/section><\/p><\/div><\/div><!--close column table wrapper. Autoclose: 1 -->\n","protected":false},"excerpt":{"rendered":"","protected":false},"author":1,"featured_media":16857,"parent":0,"menu_order":0,"comment_status":"closed","ping_status":"closed","template":"","meta":{"footnotes":""},"class_list":["post-18563","page","type-page","status-publish","has-post-thumbnail","hentry"],"yoast_head":"<!-- This site is optimized with the Yoast SEO plugin v27.1.1 - https:\/\/yoast.com\/product\/yoast-seo-wordpress\/ -->\n<title>Qu\u00e9 hacemos - Punt de Referencia<\/title>\n<meta name=\"description\" content=\"Cada any a Catalunya 900 joves fan 18 anys i deixen d\u2019estar tutelats. A Punt de Refer\u00e8ncia acompanyem jovent sense xarxa familiar de suport, especialment tutelat i extutelat, en el seu proc\u00e9s d\u2019emancipaci\u00f3 for\u00e7ada, que t\u00e9 lloc quan compleixen 18 anys.\" \/>\n<meta name=\"robots\" content=\"index, follow, max-snippet:-1, max-image-preview:large, max-video-preview:-1\" \/>\n<link rel=\"canonical\" href=\"https:\/\/puntdereferencia.org\/es\/que-hacemos\/\" \/>\n<meta property=\"og:locale\" content=\"es_ES\" \/>\n<meta property=\"og:type\" content=\"article\" \/>\n<meta property=\"og:title\" content=\"Qu\u00e9 hacemos - Punt de Referencia\" \/>\n<meta property=\"og:description\" content=\"Cada any a Catalunya 900 joves fan 18 anys i deixen d\u2019estar tutelats. A Punt de Refer\u00e8ncia acompanyem jovent sense xarxa familiar de suport, especialment tutelat i extutelat, en el seu proc\u00e9s d\u2019emancipaci\u00f3 for\u00e7ada, que t\u00e9 lloc quan compleixen 18 anys.\" \/>\n<meta property=\"og:url\" content=\"https:\/\/puntdereferencia.org\/es\/que-hacemos\/\" \/>\n<meta property=\"og:site_name\" content=\"Punt de Referencia\" \/>\n<meta property=\"article:modified_time\" content=\"2024-09-16T13:34:39+00:00\" \/>\n<meta property=\"og:image\" content=\"https:\/\/puntdereferencia.org\/wp-content\/uploads\/2024\/06\/colabora-empreses-1.jpg\" \/>\n\t<meta property=\"og:image:width\" content=\"364\" \/>\n\t<meta property=\"og:image:height\" content=\"269\" \/>\n\t<meta property=\"og:image:type\" content=\"image\/jpeg\" \/>\n<meta name=\"twitter:card\" content=\"summary_large_image\" \/>\n<meta name=\"twitter:label1\" content=\"Tiempo de lectura\" \/>\n\t<meta name=\"twitter:data1\" content=\"4 minutos\" \/>\n<script type=\"application\/ld+json\" class=\"yoast-schema-graph\">{\"@context\":\"https:\/\/schema.org\",\"@graph\":[{\"@type\":\"WebPage\",\"@id\":\"https:\/\/puntdereferencia.org\/es\/que-hacemos\/\",\"url\":\"https:\/\/puntdereferencia.org\/es\/que-hacemos\/\",\"name\":\"Qu\u00e9 hacemos - Punt de Referencia\",\"isPartOf\":{\"@id\":\"https:\/\/puntdereferencia.org\/es\/#website\"},\"primaryImageOfPage\":{\"@id\":\"https:\/\/puntdereferencia.org\/es\/que-hacemos\/#primaryimage\"},\"image\":{\"@id\":\"https:\/\/puntdereferencia.org\/es\/que-hacemos\/#primaryimage\"},\"thumbnailUrl\":\"https:\/\/puntdereferencia.org\/wp-content\/uploads\/2024\/06\/colabora-empreses-1.jpg\",\"datePublished\":\"2024-05-24T10:00:45+00:00\",\"dateModified\":\"2024-09-16T13:34:39+00:00\",\"description\":\"Cada any a Catalunya 900 joves fan 18 anys i deixen d\u2019estar tutelats. A Punt de Refer\u00e8ncia acompanyem jovent sense xarxa familiar de suport, especialment tutelat i extutelat, en el seu proc\u00e9s d\u2019emancipaci\u00f3 for\u00e7ada, que t\u00e9 lloc quan compleixen 18 anys.\",\"breadcrumb\":{\"@id\":\"https:\/\/puntdereferencia.org\/es\/que-hacemos\/#breadcrumb\"},\"inLanguage\":\"es\",\"potentialAction\":[{\"@type\":\"ReadAction\",\"target\":[\"https:\/\/puntdereferencia.org\/es\/que-hacemos\/\"]}]},{\"@type\":\"ImageObject\",\"inLanguage\":\"es\",\"@id\":\"https:\/\/puntdereferencia.org\/es\/que-hacemos\/#primaryimage\",\"url\":\"https:\/\/puntdereferencia.org\/wp-content\/uploads\/2024\/06\/colabora-empreses-1.jpg\",\"contentUrl\":\"https:\/\/puntdereferencia.org\/wp-content\/uploads\/2024\/06\/colabora-empreses-1.jpg\",\"width\":364,\"height\":269},{\"@type\":\"BreadcrumbList\",\"@id\":\"https:\/\/puntdereferencia.org\/es\/que-hacemos\/#breadcrumb\",\"itemListElement\":[{\"@type\":\"ListItem\",\"position\":1,\"name\":\"Inici\",\"item\":\"https:\/\/puntdereferencia.org\/es\/inicio\/\"},{\"@type\":\"ListItem\",\"position\":2,\"name\":\"Qu\u00e9 hacemos\"}]},{\"@type\":\"WebSite\",\"@id\":\"https:\/\/puntdereferencia.org\/es\/#website\",\"url\":\"https:\/\/puntdereferencia.org\/es\/\",\"name\":\"Punt de Referencia\",\"description\":\"\",\"potentialAction\":[{\"@type\":\"SearchAction\",\"target\":{\"@type\":\"EntryPoint\",\"urlTemplate\":\"https:\/\/puntdereferencia.org\/es\/?s={search_term_string}\"},\"query-input\":{\"@type\":\"PropertyValueSpecification\",\"valueRequired\":true,\"valueName\":\"search_term_string\"}}],\"inLanguage\":\"es\"}]}<\/script>\n<!-- \/ Yoast SEO plugin. -->","yoast_head_json":{"title":"Qu\u00e9 hacemos - Punt de Referencia","description":"Cada any a Catalunya 900 joves fan 18 anys i deixen d\u2019estar tutelats. A Punt de Refer\u00e8ncia acompanyem jovent sense xarxa familiar de suport, especialment tutelat i extutelat, en el seu proc\u00e9s d\u2019emancipaci\u00f3 for\u00e7ada, que t\u00e9 lloc quan compleixen 18 anys.","robots":{"index":"index","follow":"follow","max-snippet":"max-snippet:-1","max-image-preview":"max-image-preview:large","max-video-preview":"max-video-preview:-1"},"canonical":"https:\/\/puntdereferencia.org\/es\/que-hacemos\/","og_locale":"es_ES","og_type":"article","og_title":"Qu\u00e9 hacemos - Punt de Referencia","og_description":"Cada any a Catalunya 900 joves fan 18 anys i deixen d\u2019estar tutelats. A Punt de Refer\u00e8ncia acompanyem jovent sense xarxa familiar de suport, especialment tutelat i extutelat, en el seu proc\u00e9s d\u2019emancipaci\u00f3 for\u00e7ada, que t\u00e9 lloc quan compleixen 18 anys.","og_url":"https:\/\/puntdereferencia.org\/es\/que-hacemos\/","og_site_name":"Punt de Referencia","article_modified_time":"2024-09-16T13:34:39+00:00","og_image":[{"width":364,"height":269,"url":"https:\/\/puntdereferencia.org\/wp-content\/uploads\/2024\/06\/colabora-empreses-1.jpg","type":"image\/jpeg"}],"twitter_card":"summary_large_image","twitter_misc":{"Tiempo de lectura":"4 minutos"},"schema":{"@context":"https:\/\/schema.org","@graph":[{"@type":"WebPage","@id":"https:\/\/puntdereferencia.org\/es\/que-hacemos\/","url":"https:\/\/puntdereferencia.org\/es\/que-hacemos\/","name":"Qu\u00e9 hacemos - Punt de Referencia","isPartOf":{"@id":"https:\/\/puntdereferencia.org\/es\/#website"},"primaryImageOfPage":{"@id":"https:\/\/puntdereferencia.org\/es\/que-hacemos\/#primaryimage"},"image":{"@id":"https:\/\/puntdereferencia.org\/es\/que-hacemos\/#primaryimage"},"thumbnailUrl":"https:\/\/puntdereferencia.org\/wp-content\/uploads\/2024\/06\/colabora-empreses-1.jpg","datePublished":"2024-05-24T10:00:45+00:00","dateModified":"2024-09-16T13:34:39+00:00","description":"Cada any a Catalunya 900 joves fan 18 anys i deixen d\u2019estar tutelats. A Punt de Refer\u00e8ncia acompanyem jovent sense xarxa familiar de suport, especialment tutelat i extutelat, en el seu proc\u00e9s d\u2019emancipaci\u00f3 for\u00e7ada, que t\u00e9 lloc quan compleixen 18 anys.","breadcrumb":{"@id":"https:\/\/puntdereferencia.org\/es\/que-hacemos\/#breadcrumb"},"inLanguage":"es","potentialAction":[{"@type":"ReadAction","target":["https:\/\/puntdereferencia.org\/es\/que-hacemos\/"]}]},{"@type":"ImageObject","inLanguage":"es","@id":"https:\/\/puntdereferencia.org\/es\/que-hacemos\/#primaryimage","url":"https:\/\/puntdereferencia.org\/wp-content\/uploads\/2024\/06\/colabora-empreses-1.jpg","contentUrl":"https:\/\/puntdereferencia.org\/wp-content\/uploads\/2024\/06\/colabora-empreses-1.jpg","width":364,"height":269},{"@type":"BreadcrumbList","@id":"https:\/\/puntdereferencia.org\/es\/que-hacemos\/#breadcrumb","itemListElement":[{"@type":"ListItem","position":1,"name":"Inici","item":"https:\/\/puntdereferencia.org\/es\/inicio\/"},{"@type":"ListItem","position":2,"name":"Qu\u00e9 hacemos"}]},{"@type":"WebSite","@id":"https:\/\/puntdereferencia.org\/es\/#website","url":"https:\/\/puntdereferencia.org\/es\/","name":"Punt de Referencia","description":"","potentialAction":[{"@type":"SearchAction","target":{"@type":"EntryPoint","urlTemplate":"https:\/\/puntdereferencia.org\/es\/?s={search_term_string}"},"query-input":{"@type":"PropertyValueSpecification","valueRequired":true,"valueName":"search_term_string"}}],"inLanguage":"es"}]}},"_links":{"self":[{"href":"https:\/\/puntdereferencia.org\/es\/wp-json\/wp\/v2\/pages\/18563","targetHints":{"allow":["GET"]}}],"collection":[{"href":"https:\/\/puntdereferencia.org\/es\/wp-json\/wp\/v2\/pages"}],"about":[{"href":"https:\/\/puntdereferencia.org\/es\/wp-json\/wp\/v2\/types\/page"}],"author":[{"embeddable":true,"href":"https:\/\/puntdereferencia.org\/es\/wp-json\/wp\/v2\/users\/1"}],"replies":[{"embeddable":true,"href":"https:\/\/puntdereferencia.org\/es\/wp-json\/wp\/v2\/comments?post=18563"}],"version-history":[{"count":19,"href":"https:\/\/puntdereferencia.org\/es\/wp-json\/wp\/v2\/pages\/18563\/revisions"}],"predecessor-version":[{"id":27483,"href":"https:\/\/puntdereferencia.org\/es\/wp-json\/wp\/v2\/pages\/18563\/revisions\/27483"}],"wp:featuredmedia":[{"embeddable":true,"href":"https:\/\/puntdereferencia.org\/es\/wp-json\/wp\/v2\/media\/16857"}],"wp:attachment":[{"href":"https:\/\/puntdereferencia.org\/es\/wp-json\/wp\/v2\/media?parent=18563"}],"curies":[{"name":"wp","href":"https:\/\/api.w.org\/{rel}","templated":true}]}}