{"id":18574,"date":"2024-06-13T14:06:39","date_gmt":"2024-06-13T12:06:39","guid":{"rendered":"https:\/\/puntdereferencia.org\/qui-som\/somreferents\/"},"modified":"2025-10-07T12:16:45","modified_gmt":"2025-10-07T10:16:45","slug":"somos-referentes","status":"publish","type":"page","link":"https:\/\/puntdereferencia.org\/es\/quienes-somos\/somos-referentes\/","title":{"rendered":"Quienes somos &#8211; Somos referentes"},"content":{"rendered":"<div class='clear'><\/div><div id='sub_menu1'  class='av-submenu-container av-3hdzg-575481f80f111ebc2ad34823803042cd main_color  avia-builder-el-0  el_before_av_section  avia-builder-el-first  av-sticky-submenu container_wrap fullsize' style='z-index:301' ><div class='container av-menu-mobile-disabled av-submenu-pos-center'><\/div><\/div><div class='sticky_placeholder'><\/div>\n<div id='av_section_1'  class='avia-section av-6an0-ee049757da2959d1ad8d3216a0915ebc main_color avia-section-default avia-no-border-styling  avia-builder-el-1  el_after_av_submenu  el_before_av_section  avia-bg-style-scroll container_wrap fullsize'  ><div class='container av-section-cont-open' ><div class='template-page content  av-content-full alpha units'><div class='post-entry post-entry-type-page post-entry-18574'><div class='entry-content-wrapper clearfix'>\n<div class='flex_column_table av-54dr0-8cbc15cd7d6bb0c69f46283bd684e505 sc-av_one_half av-equal-height-column-flextable'><div  class='flex_column av-54dr0-8cbc15cd7d6bb0c69f46283bd684e505 av_one_half  avia-builder-el-2  el_before_av_one_half  avia-builder-el-first  first flex_column_table_cell av-equal-height-column av-align-middle  '     ><p><section  class='av_textblock_section av-lxd5dy32-08bbd1e67be3a77d9cb8e4e6ffeeb167 '   itemscope=\"itemscope\" itemtype=\"https:\/\/schema.org\/CreativeWork\" ><div class='avia_textblock nomseccioblau'  itemprop=\"text\" ><p>SOMOS REFERENTES<\/p>\n<\/div><\/section><br \/>\n\n<style type=\"text\/css\" data-created_by=\"avia_inline_auto\" id=\"style-css-av-9i7ko-da9f500a713fa7036781473e9268656e\">\n.avia-image-container.av-9i7ko-da9f500a713fa7036781473e9268656e img.avia_image{\nbox-shadow:none;\n}\n.avia-image-container.av-9i7ko-da9f500a713fa7036781473e9268656e .av-image-caption-overlay-center{\ncolor:#ffffff;\n}\n<\/style>\n<div  class='avia-image-container av-9i7ko-da9f500a713fa7036781473e9268656e av-styling-no-styling avia-align-left  avia-builder-el-4  el_after_av_textblock  el_before_av_textblock '   itemprop=\"image\" itemscope=\"itemscope\" itemtype=\"https:\/\/schema.org\/ImageObject\" ><div class=\"avia-image-container-inner\"><div class=\"avia-image-overlay-wrap\"><img decoding=\"async\" fetchpriority=\"high\" class='wp-image-16611 avia-img-lazy-loading-not-16611 avia_image ' src=\"https:\/\/puntdereferencia.org\/wp-content\/uploads\/2024\/06\/franjablava-ambespai.png\" alt='' title='franjablava-ambespai'  height=\"59\" width=\"283\"  itemprop=\"thumbnailUrl\"  \/><\/div><\/div><\/div><br \/>\n<section  class='av_textblock_section av-4bzzo-999eeea35744a1ae36919231ea157fe4 '   itemscope=\"itemscope\" itemtype=\"https:\/\/schema.org\/CreativeWork\" ><div class='avia_textblock'  itemprop=\"text\" ><h2>Reconocimientos<\/h2>\n<\/div><\/section><br \/>\n\n<style type=\"text\/css\" data-created_by=\"avia_inline_auto\" id=\"style-css-av-8nn9k-2581d87c9d0b6113290eac9ea37da93d\">\n#top .hr.hr-invisible.av-8nn9k-2581d87c9d0b6113290eac9ea37da93d{\nheight:40px;\n}\n<\/style>\n<div  class='hr av-8nn9k-2581d87c9d0b6113290eac9ea37da93d hr-invisible  avia-builder-el-6  el_after_av_textblock  el_before_av_textblock '><span class='hr-inner '><span class=\"hr-inner-style\"><\/span><\/span><\/div><br \/>\n<section  class='av_textblock_section av-lxd5naij-0ebbecf1d954ae31d23bad920ed62134 '   itemscope=\"itemscope\" itemtype=\"https:\/\/schema.org\/CreativeWork\" ><div class='avia_textblock'  itemprop=\"text\" ><h5>En Punt de Refer\u00e8ncia contamos con m\u00e1s de <strong>25 a\u00f1os de trayectoria<\/strong> acompa\u00f1ando la emancipaci\u00f3n de los j\u00f3venes tutelados. La <strong>experiencia<\/strong> adquirida, el compromiso con nuestra misi\u00f3n y la voluntad de innovaci\u00f3n constante han sido reconocidos con una <strong>veintena de galardones<\/strong>.<\/h5>\n<\/div><\/section><br \/>\n\n<style type=\"text\/css\" data-created_by=\"avia_inline_auto\" id=\"style-css-av-umy8-62da6a74c3a02a3177391af1d7a7319a\">\n#top .hr.hr-invisible.av-umy8-62da6a74c3a02a3177391af1d7a7319a{\nheight:20px;\n}\n<\/style>\n<div  class='hr av-umy8-62da6a74c3a02a3177391af1d7a7319a hr-invisible  avia-builder-el-8  el_after_av_textblock  el_before_av_textblock '><span class='hr-inner '><span class=\"hr-inner-style\"><\/span><\/span><\/div><br \/>\n<section  class='av_textblock_section av-lxdc8hyl-d23696c2359977a3d92052a5dda37e75 '   itemscope=\"itemscope\" itemtype=\"https:\/\/schema.org\/CreativeWork\" ><div class='avia_textblock'  itemprop=\"text\" ><h6><strong>Destacamos<\/strong><\/h6>\n<\/div><\/section><br \/>\n\n<style type=\"text\/css\" data-created_by=\"avia_inline_auto\" id=\"style-css-av-6kexk-d8a8f5b8b770247ad5aa672045c8e4ec\">\n#top .hr.hr-invisible.av-6kexk-d8a8f5b8b770247ad5aa672045c8e4ec{\nheight:20px;\n}\n<\/style>\n<div  class='hr av-6kexk-d8a8f5b8b770247ad5aa672045c8e4ec hr-invisible  avia-builder-el-10  el_after_av_textblock  el_before_av_textblock '><span class='hr-inner '><span class=\"hr-inner-style\"><\/span><\/span><\/div><br \/>\n\n<style type=\"text\/css\" data-created_by=\"avia_inline_auto\" id=\"style-css-av-lxd5zwr6-99cf51fb866e1786503036f5e3bf5f20\">\n#top .av_textblock_section.av-lxd5zwr6-99cf51fb866e1786503036f5e3bf5f20 .avia_textblock{\ntext-align:left;\ncolumn-count:2;\ncolumn-gap:40px;\n}\n<\/style>\n<section  class='av_textblock_section av-lxd5zwr6-99cf51fb866e1786503036f5e3bf5f20 '   itemscope=\"itemscope\" itemtype=\"https:\/\/schema.org\/CreativeWork\" ><div class='avia_textblock av_multi_colums'  itemprop=\"text\" ><p><img loading=\"lazy\" decoding=\"async\" class=\"size-full wp-image-172 alignnone\" src=\"http:\/\/puntdereferencia.org\/wp-content\/uploads\/2024\/06\/linies-blaves.png\" alt=\"\" width=\"212\" height=\"7\" srcset=\"https:\/\/puntdereferencia.org\/wp-content\/uploads\/2024\/06\/linies-blaves.png 212w, https:\/\/puntdereferencia.org\/wp-content\/uploads\/2024\/06\/linies-blaves-180x7.png 180w\" sizes=\"auto, (max-width: 212px) 100vw, 212px\" \/><\/p>\n<p><strong>Premio Ciutat de Barcelona<\/strong><br \/>\nAyuntamiento de Barcelona<br \/>\n2023<\/p>\n<p><img loading=\"lazy\" decoding=\"async\" class=\"size-full wp-image-172 alignnone\" src=\"http:\/\/puntdereferencia.org\/wp-content\/uploads\/2024\/06\/linies-blaves.png\" alt=\"\" width=\"212\" height=\"7\" srcset=\"https:\/\/puntdereferencia.org\/wp-content\/uploads\/2024\/06\/linies-blaves.png 212w, https:\/\/puntdereferencia.org\/wp-content\/uploads\/2024\/06\/linies-blaves-180x7.png 180w\" sizes=\"auto, (max-width: 212px) 100vw, 212px\" \/><\/p>\n<p><strong>Premio Solidaritat<\/strong><br \/>\nInstituto de Derechos Humanos de Catalu\u00f1a<br \/>\n2018<\/p>\n<p><img loading=\"lazy\" decoding=\"async\" class=\"size-full wp-image-172 alignnone\" src=\"http:\/\/puntdereferencia.org\/wp-content\/uploads\/2024\/06\/linies-blaves.png\" alt=\"\" width=\"212\" height=\"7\" srcset=\"https:\/\/puntdereferencia.org\/wp-content\/uploads\/2024\/06\/linies-blaves.png 212w, https:\/\/puntdereferencia.org\/wp-content\/uploads\/2024\/06\/linies-blaves-180x7.png 180w\" sizes=\"auto, (max-width: 212px) 100vw, 212px\" \/><\/p>\n<p><strong>Premio Civisme a la cohesi\u00f3 social<\/strong><br \/>\nGeneralitat de Catalunya<br \/>\n2020<\/p>\n<p><img loading=\"lazy\" decoding=\"async\" class=\"size-full wp-image-172 alignnone\" src=\"http:\/\/puntdereferencia.org\/wp-content\/uploads\/2024\/06\/linies-blaves.png\" alt=\"\" width=\"212\" height=\"7\" srcset=\"https:\/\/puntdereferencia.org\/wp-content\/uploads\/2024\/06\/linies-blaves.png 212w, https:\/\/puntdereferencia.org\/wp-content\/uploads\/2024\/06\/linies-blaves-180x7.png 180w\" sizes=\"auto, (max-width: 212px) 100vw, 212px\" \/><\/p>\n<p><strong>Premio Voluntariat<\/strong><br \/>\nGeneralitat de Catalunya<br \/>\n2007<\/p>\n<\/div><\/section><br \/>\n\n<style type=\"text\/css\" data-created_by=\"avia_inline_auto\" id=\"style-css-av-4x4eo-1a0c73edb64e10884b89a815d24db80c\">\n#top .hr.hr-invisible.av-4x4eo-1a0c73edb64e10884b89a815d24db80c{\nheight:20px;\n}\n<\/style>\n<div  class='hr av-4x4eo-1a0c73edb64e10884b89a815d24db80c hr-invisible  avia-builder-el-12  el_after_av_textblock  avia-builder-el-last '><span class='hr-inner '><span class=\"hr-inner-style\"><\/span><\/span><\/div><\/p><\/div><div class='av-flex-placeholder'><\/div><div  class='flex_column av-1osg0-c3bca802f5fd9e3ba3c7938874d21274 av_one_half  avia-builder-el-13  el_after_av_one_half  el_before_av_one_half  flex_column_table_cell av-equal-height-column av-align-middle  '     ><style type=\"text\/css\" data-created_by=\"avia_inline_auto\" id=\"style-css-av-8t394-d670a5af7af987ba6361835c6763a8c4\">\n.avia-image-container.av-8t394-d670a5af7af987ba6361835c6763a8c4 img.avia_image{\nbox-shadow:none;\n}\n.avia-image-container.av-8t394-d670a5af7af987ba6361835c6763a8c4 .av-image-caption-overlay-center{\ncolor:#ffffff;\n}\n<\/style>\n<div  class='avia-image-container av-8t394-d670a5af7af987ba6361835c6763a8c4 av-styling-no-styling avia-align-center  avia-builder-el-14  avia-builder-el-no-sibling '   itemprop=\"image\" itemscope=\"itemscope\" itemtype=\"https:\/\/schema.org\/ImageObject\" ><div class=\"avia-image-container-inner\"><div class=\"avia-image-overlay-wrap\"><img decoding=\"async\" fetchpriority=\"high\" class='wp-image-16637 avia-img-lazy-loading-not-16637 avia_image ' src=\"https:\/\/puntdereferencia.org\/wp-content\/uploads\/2024\/06\/quisom-1-2.jpg\" alt='' title='quisom-1-2'  height=\"624\" width=\"610\"  itemprop=\"thumbnailUrl\" srcset=\"https:\/\/puntdereferencia.org\/wp-content\/uploads\/2024\/06\/quisom-1-2.jpg 610w, https:\/\/puntdereferencia.org\/wp-content\/uploads\/2024\/06\/quisom-1-2-293x300.jpg 293w, https:\/\/puntdereferencia.org\/wp-content\/uploads\/2024\/06\/quisom-1-2-36x36.jpg 36w\" sizes=\"(max-width: 610px) 100vw, 610px\" \/><\/div><\/div><\/div><\/div><\/div><!--close column table wrapper. Autoclose: 1 --><div class='flex_column_table av-mx328-41a3619e9f936bf0b476d86167c2e921 sc-av_one_half av-equal-height-column-flextable'>\n<style type=\"text\/css\" data-created_by=\"avia_inline_auto\" id=\"style-css-av-mx328-41a3619e9f936bf0b476d86167c2e921\">\n#top .flex_column_table.av-equal-height-column-flextable.av-mx328-41a3619e9f936bf0b476d86167c2e921{\nmargin-top:0px;\nmargin-bottom:0px;\n}\n.flex_column.av-mx328-41a3619e9f936bf0b476d86167c2e921{\npadding:0px 0px 0px 0px;\n}\n<\/style>\n<div  class='flex_column av-mx328-41a3619e9f936bf0b476d86167c2e921 av_one_half  avia-builder-el-15  el_after_av_one_half  el_before_av_one_half  first flex_column_table_cell av-equal-height-column av-align-top av-zero-column-padding  column-top-margin'     ><style type=\"text\/css\" data-created_by=\"avia_inline_auto\" id=\"style-css-av-h34f4-5e2d0bc7755c5ef74c6cc936cef4dbf8\">\n#top .av_textblock_section.av-h34f4-5e2d0bc7755c5ef74c6cc936cef4dbf8 .avia_textblock{\ncolumn-count:2;\ncolumn-gap:40px;\n}\n.avia-fold-unfold-section.av-fold-textblock-av-h34f4-5e2d0bc7755c5ef74c6cc936cef4dbf8 .av-fold-unfold-container{\nmax-height:20px;\n}\n#top .avia-fold-unfold-section.av-fold-textblock-av-h34f4-5e2d0bc7755c5ef74c6cc936cef4dbf8 .av-fold-button-container{\ncolor:#3fadcc;\n}\n<\/style>\n<section id=\"avia_sc_text_6\" class='av_textblock_section av-h34f4-5e2d0bc7755c5ef74c6cc936cef4dbf8 avia-fold-unfold-section avia-fold-textblock-wrap avia-fold-init av-fold-textblock-av-h34f4-5e2d0bc7755c5ef74c6cc936cef4dbf8 align-left' data-fold_unfold=\"{&quot;type&quot;:&quot;avia-fold-unfold-section&quot;,&quot;height&quot;:&quot;20&quot;,&quot;more&quot;:&quot;\\u00bfQuieres verlos todos? Te los ense\\u00f1amos. &quot;,&quot;less&quot;:&quot;Esconderlos.&quot;,&quot;context&quot;:&quot;avia_sc_text&quot;}\"  itemscope=\"itemscope\" itemtype=\"https:\/\/schema.org\/CreativeWork\" ><div class=\"av-fold-unfold-container folded\"><\/div><div class='av-fold-button-wrapper av-textblock-btn-wrap '><a href=\"#\" class=\"av-fold-button-container \" data-ignore_hash=\"1\" data-no_scroll_in_viewport=\"1\" data-scroll_top_offset=\"50\">\u00bfQuieres verlos todos? Te los ense\u00f1amos. <\/a><\/div><div class='avia_textblock av_multi_colums av_inherit_color'  itemprop=\"text\" ><p><img loading=\"lazy\" decoding=\"async\" class=\"alignnone size-medium wp-image-182\" src=\"http:\/\/puntdereferencia.org\/wp-content\/uploads\/2024\/06\/espaibeig-300x20.png\" alt=\"\" width=\"300\" height=\"20\" srcset=\"https:\/\/puntdereferencia.org\/wp-content\/uploads\/2024\/06\/espaibeig-300x20.png 300w, https:\/\/puntdereferencia.org\/wp-content\/uploads\/2024\/06\/espaibeig-705x47.png 705w, https:\/\/puntdereferencia.org\/wp-content\/uploads\/2024\/06\/espaibeig.png 709w\" sizes=\"auto, (max-width: 300px) 100vw, 300px\" \/><\/p>\n<p><img loading=\"lazy\" decoding=\"async\" class=\"alignnone size-full wp-image-172\" src=\"http:\/\/puntdereferencia.org\/wp-content\/uploads\/2024\/06\/linies-blaves.png\" alt=\"\" width=\"212\" height=\"7\" srcset=\"https:\/\/puntdereferencia.org\/wp-content\/uploads\/2024\/06\/linies-blaves.png 212w, https:\/\/puntdereferencia.org\/wp-content\/uploads\/2024\/06\/linies-blaves-180x7.png 180w\" sizes=\"auto, (max-width: 212px) 100vw, 212px\" \/><\/p>\n<p>2022<br \/>\nGalard\u00f3n <strong>Marta Mata<\/strong><br \/>\nAsociaci\u00f3n de Maestros Rosa Sensat<\/p>\n<p><img loading=\"lazy\" decoding=\"async\" class=\"alignnone size-full wp-image-172\" src=\"http:\/\/puntdereferencia.org\/wp-content\/uploads\/2024\/06\/linies-blaves.png\" alt=\"\" width=\"212\" height=\"7\" srcset=\"https:\/\/puntdereferencia.org\/wp-content\/uploads\/2024\/06\/linies-blaves.png 212w, https:\/\/puntdereferencia.org\/wp-content\/uploads\/2024\/06\/linies-blaves-180x7.png 180w\" sizes=\"auto, (max-width: 212px) 100vw, 212px\" \/><\/p>\n<p>2022<br \/>\nPremio <strong>Llu\u00eds Mart\u00ed<\/strong><br \/>\nFundaci\u00f3n Catalana de Voluntariado Social<br \/>\n<img loading=\"lazy\" decoding=\"async\" class=\"alignnone size-full wp-image-172\" src=\"http:\/\/puntdereferencia.org\/wp-content\/uploads\/2024\/06\/linies-blaves.png\" alt=\"\" width=\"212\" height=\"7\" srcset=\"https:\/\/puntdereferencia.org\/wp-content\/uploads\/2024\/06\/linies-blaves.png 212w, https:\/\/puntdereferencia.org\/wp-content\/uploads\/2024\/06\/linies-blaves-180x7.png 180w\" sizes=\"auto, (max-width: 212px) 100vw, 212px\" \/><\/p>\n<p>2022<br \/>\nPremio <strong>Confederaci\u00f3n<\/strong><br \/>\nPatronal del Tercer Sector Social de Catalu\u00f1a<br \/>\n<img loading=\"lazy\" decoding=\"async\" class=\"alignnone size-full wp-image-172\" src=\"http:\/\/puntdereferencia.org\/wp-content\/uploads\/2024\/06\/linies-blaves.png\" alt=\"\" width=\"212\" height=\"7\" srcset=\"https:\/\/puntdereferencia.org\/wp-content\/uploads\/2024\/06\/linies-blaves.png 212w, https:\/\/puntdereferencia.org\/wp-content\/uploads\/2024\/06\/linies-blaves-180x7.png 180w\" sizes=\"auto, (max-width: 212px) 100vw, 212px\" \/><\/p>\n<p>2021<br \/>\nPremio a la <strong>Innovaci\u00f3n Social<\/strong><br \/>\nFundaci\u00f3n La Caixa<br \/>\n<img loading=\"lazy\" decoding=\"async\" class=\"alignnone size-full wp-image-172\" src=\"http:\/\/puntdereferencia.org\/wp-content\/uploads\/2024\/06\/linies-blaves.png\" alt=\"\" width=\"212\" height=\"7\" srcset=\"https:\/\/puntdereferencia.org\/wp-content\/uploads\/2024\/06\/linies-blaves.png 212w, https:\/\/puntdereferencia.org\/wp-content\/uploads\/2024\/06\/linies-blaves-180x7.png 180w\" sizes=\"auto, (max-width: 212px) 100vw, 212px\" \/><\/p>\n<p>2018<br \/>\nPremio <strong>Civismo a la innovaci\u00f3n<\/strong><br \/>\nGeneralitat de Catalunya<br \/>\n<img loading=\"lazy\" decoding=\"async\" class=\"alignnone size-full wp-image-172\" src=\"http:\/\/puntdereferencia.org\/wp-content\/uploads\/2024\/06\/linies-blaves.png\" alt=\"\" width=\"212\" height=\"7\" srcset=\"https:\/\/puntdereferencia.org\/wp-content\/uploads\/2024\/06\/linies-blaves.png 212w, https:\/\/puntdereferencia.org\/wp-content\/uploads\/2024\/06\/linies-blaves-180x7.png 180w\" sizes=\"auto, (max-width: 212px) 100vw, 212px\" \/><\/p>\n<p>2016<br \/>\nPremio <strong>Pompeu Fabra<\/strong><br \/>\nGeneralitat de Catalunya<\/p>\n<p><img loading=\"lazy\" decoding=\"async\" class=\"alignnone size-full wp-image-172\" src=\"http:\/\/puntdereferencia.org\/wp-content\/uploads\/2024\/06\/linies-blaves.png\" alt=\"\" width=\"212\" height=\"7\" srcset=\"https:\/\/puntdereferencia.org\/wp-content\/uploads\/2024\/06\/linies-blaves.png 212w, https:\/\/puntdereferencia.org\/wp-content\/uploads\/2024\/06\/linies-blaves-180x7.png 180w\" sizes=\"auto, (max-width: 212px) 100vw, 212px\" \/><\/p>\n<p>2015<br \/>\nXII Premio <strong>Francesc Candel<\/strong><br \/>\nCoordinadora de Mentor\u00eda Social<br \/>\n<img loading=\"lazy\" decoding=\"async\" class=\"alignnone size-medium wp-image-182\" src=\"http:\/\/puntdereferencia.org\/wp-content\/uploads\/2024\/06\/espaibeig-300x20.png\" alt=\"\" width=\"300\" height=\"20\" srcset=\"https:\/\/puntdereferencia.org\/wp-content\/uploads\/2024\/06\/espaibeig-300x20.png 300w, https:\/\/puntdereferencia.org\/wp-content\/uploads\/2024\/06\/espaibeig-705x47.png 705w, https:\/\/puntdereferencia.org\/wp-content\/uploads\/2024\/06\/espaibeig.png 709w\" sizes=\"auto, (max-width: 300px) 100vw, 300px\" \/><\/p>\n<p><img loading=\"lazy\" decoding=\"async\" class=\"alignnone size-medium wp-image-182\" src=\"http:\/\/puntdereferencia.org\/wp-content\/uploads\/2024\/06\/espaibeig-300x20.png\" alt=\"\" width=\"300\" height=\"20\" srcset=\"https:\/\/puntdereferencia.org\/wp-content\/uploads\/2024\/06\/espaibeig-300x20.png 300w, https:\/\/puntdereferencia.org\/wp-content\/uploads\/2024\/06\/espaibeig-705x47.png 705w, https:\/\/puntdereferencia.org\/wp-content\/uploads\/2024\/06\/espaibeig.png 709w\" sizes=\"auto, (max-width: 300px) 100vw, 300px\" \/><\/p>\n<p><img loading=\"lazy\" decoding=\"async\" class=\"alignnone size-medium wp-image-182\" src=\"http:\/\/puntdereferencia.org\/wp-content\/uploads\/2024\/06\/espaibeig-300x20.png\" alt=\"\" width=\"300\" height=\"20\" srcset=\"https:\/\/puntdereferencia.org\/wp-content\/uploads\/2024\/06\/espaibeig-300x20.png 300w, https:\/\/puntdereferencia.org\/wp-content\/uploads\/2024\/06\/espaibeig-705x47.png 705w, https:\/\/puntdereferencia.org\/wp-content\/uploads\/2024\/06\/espaibeig.png 709w\" sizes=\"auto, (max-width: 300px) 100vw, 300px\" \/><\/p>\n<p><img loading=\"lazy\" decoding=\"async\" class=\"alignnone size-full wp-image-172\" src=\"http:\/\/puntdereferencia.org\/wp-content\/uploads\/2024\/06\/linies-blaves.png\" alt=\"\" width=\"212\" height=\"7\" srcset=\"https:\/\/puntdereferencia.org\/wp-content\/uploads\/2024\/06\/linies-blaves.png 212w, https:\/\/puntdereferencia.org\/wp-content\/uploads\/2024\/06\/linies-blaves-180x7.png 180w\" sizes=\"auto, (max-width: 212px) 100vw, 212px\" \/><\/p>\n<p>2015<br \/>\nPremio <strong>Esgl\u00e9sia Plural<\/strong><br \/>\nIglesia Plural<br \/>\n<img loading=\"lazy\" decoding=\"async\" class=\"alignnone size-full wp-image-172\" src=\"http:\/\/puntdereferencia.org\/wp-content\/uploads\/2024\/06\/linies-blaves.png\" alt=\"\" width=\"212\" height=\"7\" srcset=\"https:\/\/puntdereferencia.org\/wp-content\/uploads\/2024\/06\/linies-blaves.png 212w, https:\/\/puntdereferencia.org\/wp-content\/uploads\/2024\/06\/linies-blaves-180x7.png 180w\" sizes=\"auto, (max-width: 212px) 100vw, 212px\" \/><\/p>\n<p>2014<br \/>\nPremios de Acci\u00f3n Social <strong>Merc\u00e8 Ba\u00f1eras y Maria Figueras<\/strong><br \/>\nPlataforma Educativa<br \/>\n<img loading=\"lazy\" decoding=\"async\" class=\"alignnone size-full wp-image-172\" src=\"http:\/\/puntdereferencia.org\/wp-content\/uploads\/2024\/06\/linies-blaves.png\" alt=\"\" width=\"212\" height=\"7\" srcset=\"https:\/\/puntdereferencia.org\/wp-content\/uploads\/2024\/06\/linies-blaves.png 212w, https:\/\/puntdereferencia.org\/wp-content\/uploads\/2024\/06\/linies-blaves-180x7.png 180w\" sizes=\"auto, (max-width: 212px) 100vw, 212px\" \/><\/p>\n<p>2013<br \/>\nInclusi\u00f3n en el r\u00e1nking de <strong>10 Buenas Pr\u00e1cticas<\/strong><br \/>\nProyecto europeo VERSO<br \/>\n<img loading=\"lazy\" decoding=\"async\" class=\"alignnone size-full wp-image-172\" src=\"http:\/\/puntdereferencia.org\/wp-content\/uploads\/2024\/06\/linies-blaves.png\" alt=\"\" width=\"212\" height=\"7\" srcset=\"https:\/\/puntdereferencia.org\/wp-content\/uploads\/2024\/06\/linies-blaves.png 212w, https:\/\/puntdereferencia.org\/wp-content\/uploads\/2024\/06\/linies-blaves-180x7.png 180w\" sizes=\"auto, (max-width: 212px) 100vw, 212px\" \/><\/p>\n<p>2012<br \/>\nPremio <strong>Pelfort i Xinx\u00f3<\/strong><br \/>\nSociedad Econ\u00f3mica Barcelonesa de Amigos del Pa\u00eds (SEBAP)<br \/>\n<img loading=\"lazy\" decoding=\"async\" class=\"alignnone size-full wp-image-172\" src=\"http:\/\/puntdereferencia.org\/wp-content\/uploads\/2024\/06\/linies-blaves.png\" alt=\"\" width=\"212\" height=\"7\" srcset=\"https:\/\/puntdereferencia.org\/wp-content\/uploads\/2024\/06\/linies-blaves.png 212w, https:\/\/puntdereferencia.org\/wp-content\/uploads\/2024\/06\/linies-blaves-180x7.png 180w\" sizes=\"auto, (max-width: 212px) 100vw, 212px\" \/><\/p>\n<p>2010<br \/>\nPremio <strong>Acci\u00f3 21<\/strong><br \/>\nAyuntamiento de Barcelona<br \/>\n<img loading=\"lazy\" decoding=\"async\" class=\"alignnone size-full wp-image-172\" src=\"http:\/\/puntdereferencia.org\/wp-content\/uploads\/2024\/06\/linies-blaves.png\" alt=\"\" width=\"212\" height=\"7\" srcset=\"https:\/\/puntdereferencia.org\/wp-content\/uploads\/2024\/06\/linies-blaves.png 212w, https:\/\/puntdereferencia.org\/wp-content\/uploads\/2024\/06\/linies-blaves-180x7.png 180w\" sizes=\"auto, (max-width: 212px) 100vw, 212px\" \/><\/p>\n<p>2010<br \/>\nPremio <strong>5 cavas para 5 proyectos solidarios<\/strong><br \/>\nCavas Berdi\u00e9 y Federaci\u00f3n Catalana de Voluntariado Social<br \/>\n<img loading=\"lazy\" decoding=\"async\" class=\"alignnone size-full wp-image-172\" src=\"http:\/\/puntdereferencia.org\/wp-content\/uploads\/2024\/06\/linies-blaves.png\" alt=\"\" width=\"212\" height=\"7\" srcset=\"https:\/\/puntdereferencia.org\/wp-content\/uploads\/2024\/06\/linies-blaves.png 212w, https:\/\/puntdereferencia.org\/wp-content\/uploads\/2024\/06\/linies-blaves-180x7.png 180w\" sizes=\"auto, (max-width: 212px) 100vw, 212px\" \/><\/p>\n<p>2008<br \/>\n3.er Premio <strong>Federico Mayor Zaragoza<\/strong><br \/>\nAsociaci\u00f3n de Amigas y Amigos de la UNESCO de Tortosa<\/p>\n<\/div><\/section><\/div><div class='av-flex-placeholder'><\/div>\n<style type=\"text\/css\" data-created_by=\"avia_inline_auto\" id=\"style-css-av-b8h34-cdba1b7e9a971e8de0e1435038b4544a\">\n#top .flex_column_table.av-equal-height-column-flextable.av-b8h34-cdba1b7e9a971e8de0e1435038b4544a{\nmargin-top:0px;\nmargin-bottom:0px;\n}\n<\/style>\n<div  class='flex_column av-b8h34-cdba1b7e9a971e8de0e1435038b4544a av_one_half  avia-builder-el-17  el_after_av_one_half  avia-builder-el-last  flex_column_table_cell av-equal-height-column av-align-top av-hide-on-mobile  column-top-margin'     ><\/div><\/div><!--close column table wrapper. Autoclose: 1 -->\n\n<\/div><\/div><\/div><!-- close content main div --><\/div><\/div><div id='av_section_2'  class='avia-section av-2a4rsw-0c973a828c2d86b7a79ea55ce9269366 main_color avia-section-default avia-no-border-styling  avia-builder-el-18  el_after_av_section  el_before_av_section  avia-bg-style-scroll container_wrap fullsize'  ><div class='container av-section-cont-open' ><div class='template-page content  av-content-full alpha units'><div class='post-entry post-entry-type-page post-entry-18574'><div class='entry-content-wrapper clearfix'>\n<div class='flex_column_table av-25dr60-5080d9cf7995ed0988758481cc352ae1 sc-av_one_half av-equal-height-column-flextable'><div  class='flex_column av-25dr60-5080d9cf7995ed0988758481cc352ae1 av_one_half  avia-builder-el-19  el_before_av_one_half  avia-builder-el-first  first flex_column_table_cell av-equal-height-column av-align-top  '     ><p>\n<style type=\"text\/css\" data-created_by=\"avia_inline_auto\" id=\"style-css-av-3p7mc-068e7a44ff36e5922cf02e094f9be97c\">\n.avia-image-container.av-3p7mc-068e7a44ff36e5922cf02e094f9be97c img.avia_image{\nbox-shadow:none;\n}\n.avia-image-container.av-3p7mc-068e7a44ff36e5922cf02e094f9be97c .av-image-caption-overlay-center{\ncolor:#ffffff;\n}\n<\/style>\n<div  class='avia-image-container av-3p7mc-068e7a44ff36e5922cf02e094f9be97c av-styling-no-styling avia-align-left  avia-builder-el-20  el_before_av_textblock  avia-builder-el-first '   itemprop=\"image\" itemscope=\"itemscope\" itemtype=\"https:\/\/schema.org\/ImageObject\" ><div class=\"avia-image-container-inner\"><div class=\"avia-image-overlay-wrap\"><img decoding=\"async\" fetchpriority=\"high\" class='wp-image-16611 avia-img-lazy-loading-not-16611 avia_image ' src=\"https:\/\/puntdereferencia.org\/wp-content\/uploads\/2024\/06\/franjablava-ambespai.png\" alt='' title='franjablava-ambespai'  height=\"59\" width=\"283\"  itemprop=\"thumbnailUrl\"  \/><\/div><\/div><\/div><br \/>\n<section  class='av_textblock_section av-1u7j88-cd765d04ba265d0ba3e911979919c06b '   itemscope=\"itemscope\" itemtype=\"https:\/\/schema.org\/CreativeWork\" ><div class='avia_textblock'  itemprop=\"text\" ><h2>Participaci\u00f3n en proyectos internacionales<\/h2>\n<\/div><\/section><br \/>\n\n<style type=\"text\/css\" data-created_by=\"avia_inline_auto\" id=\"style-css-av-67wbc-7b6376c801ceb12b2433dd4c0d626ecc\">\n#top .hr.hr-invisible.av-67wbc-7b6376c801ceb12b2433dd4c0d626ecc{\nheight:40px;\n}\n<\/style>\n<div  class='hr av-67wbc-7b6376c801ceb12b2433dd4c0d626ecc hr-invisible  avia-builder-el-22  el_after_av_textblock  el_before_av_textblock '><span class='hr-inner '><span class=\"hr-inner-style\"><\/span><\/span><\/div><br \/>\n<section  class='av_textblock_section av-1n9x48-4431c9be42ed7cc5698f3f47575ef531 '   itemscope=\"itemscope\" itemtype=\"https:\/\/schema.org\/CreativeWork\" ><div class='avia_textblock'  itemprop=\"text\" ><h3>Proyecto Re-Generations<\/h3>\n<\/div><\/section><br \/>\n<section  class='av_textblock_section av-lxdd7a3h-32484c8775eabb906d82f4c0c2a76f46 '   itemscope=\"itemscope\" itemtype=\"https:\/\/schema.org\/CreativeWork\" ><div class='avia_textblock'  itemprop=\"text\" ><h6>A trav\u00e9s del proyecto <strong>Re-Generations<\/strong>, hemos asesorado a las entidades <a href=\"https:\/\/defenceforchildren.org\/es\/dci-italy\/\">DCI Italy<\/a> y <a href=\"https:\/\/arsis.gr\/en\/home\/\">ARSIS Greece<\/a> en el dise\u00f1o y la implementaci\u00f3n del modelo de mentor\u00eda, ideado por Punt de Refer\u00e8ncia, en sus territorios.<\/h6>\n<\/div><\/section><br \/>\n\n<style type=\"text\/css\" data-created_by=\"avia_inline_auto\" id=\"style-css-av-s06vs-ee1f875a09a5833057c6dacd8129e12c\">\n#top .hr.hr-invisible.av-s06vs-ee1f875a09a5833057c6dacd8129e12c{\nheight:20px;\n}\n<\/style>\n<div  class='hr av-s06vs-ee1f875a09a5833057c6dacd8129e12c hr-invisible  avia-builder-el-25  el_after_av_textblock  el_before_av_textblock '><span class='hr-inner '><span class=\"hr-inner-style\"><\/span><\/span><\/div><br \/>\n<section  class='av_textblock_section av-lxdd8x7g-06b6a88cfda3ad54a0198cf29a07133d '   itemscope=\"itemscope\" itemtype=\"https:\/\/schema.org\/CreativeWork\" ><div class='avia_textblock'  itemprop=\"text\" ><h3>Proyecto Road to Adulthood<\/h3>\n<\/div><\/section><br \/>\n<section  class='av_textblock_section av-lxdd9233-c2af03a6734920a88ebdb44e6026312e '   itemscope=\"itemscope\" itemtype=\"https:\/\/schema.org\/CreativeWork\" ><div class='avia_textblock'  itemprop=\"text\" ><h6>A partir de la iniciativa <strong>Road to Adulthood<\/strong> empleamos nuestra experiencia y conocimiento para crear una <a href=\"https:\/\/drive.google.com\/file\/d\/1_mIKymYWUg4b6QFzB_f4ipbEl08Om8VO\/view\">gu\u00eda metodol\u00f3gica<\/a> para proyectos de mentor\u00eda en el \u00e1mbito educativo para j\u00f3venes migrantes.<\/h6>\n<\/div><\/section><br \/>\n<section  class='av_textblock_section av-lxdd9o3g-950819e9ce7cad52fc8c70a9dde59bbe '   itemscope=\"itemscope\" itemtype=\"https:\/\/schema.org\/CreativeWork\" ><div class='avia_textblock'  itemprop=\"text\" ><h6>La participaci\u00f3n en proyectos internacionales, as\u00ed como la creaci\u00f3n de iniciativas innovadoras sobre <strong>mentor\u00eda social,<\/strong> nos ha llevado a<strong> compartir experiencias e ideas<\/strong> sobre el acompa\u00f1amiento a j\u00f3venes sin referentes de todo el mundo.<\/h6>\n<\/div><\/section><\/p><\/div><div class='av-flex-placeholder'><\/div><div  class='flex_column av-hun5s-97429cf2c92d5273a7b60a9b86677f5e av_one_half  avia-builder-el-29  el_after_av_one_half  el_before_av_one_half  flex_column_table_cell av-equal-height-column av-align-top  '     ><style type=\"text\/css\" data-created_by=\"avia_inline_auto\" id=\"style-css-av-7xpmg-c433417f46856436a91aa49e93021921\">\n.avia-image-container.av-7xpmg-c433417f46856436a91aa49e93021921 img.avia_image{\nbox-shadow:none;\n}\n.avia-image-container.av-7xpmg-c433417f46856436a91aa49e93021921 .av-image-caption-overlay-center{\ncolor:#ffffff;\n}\n<\/style>\n<div  class='avia-image-container av-7xpmg-c433417f46856436a91aa49e93021921 av-styling-no-styling avia-align-center  avia-builder-el-30  avia-builder-el-no-sibling '   itemprop=\"image\" itemscope=\"itemscope\" itemtype=\"https:\/\/schema.org\/ImageObject\" ><div class=\"avia-image-container-inner\"><div class=\"avia-image-overlay-wrap\"><img decoding=\"async\" fetchpriority=\"high\" class='wp-image-16631 avia-img-lazy-loading-not-16631 avia_image ' src=\"https:\/\/puntdereferencia.org\/wp-content\/uploads\/2024\/06\/quisom-referents-img1.jpg\" alt='' title='quisom-referents-img1'  height=\"567\" width=\"565\"  itemprop=\"thumbnailUrl\" srcset=\"https:\/\/puntdereferencia.org\/wp-content\/uploads\/2024\/06\/quisom-referents-img1.jpg 565w, https:\/\/puntdereferencia.org\/wp-content\/uploads\/2024\/06\/quisom-referents-img1-300x300.jpg 300w, https:\/\/puntdereferencia.org\/wp-content\/uploads\/2024\/06\/quisom-referents-img1-80x80.jpg 80w, https:\/\/puntdereferencia.org\/wp-content\/uploads\/2024\/06\/quisom-referents-img1-36x36.jpg 36w, https:\/\/puntdereferencia.org\/wp-content\/uploads\/2024\/06\/quisom-referents-img1-180x180.jpg 180w\" sizes=\"(max-width: 565px) 100vw, 565px\" \/><\/div><\/div><\/div><\/div><\/div><!--close column table wrapper. Autoclose: 1 --><div  class='flex_column av-6m348-173ab0e563cd2b48f223f2f005805608 av_one_half  avia-builder-el-31  el_after_av_one_half  el_before_av_one_half  first flex_column_div  column-top-margin'     ><p><section  class='av_textblock_section av-lxddteyp-352efd89aced90d0a2f7c6506b245da9 '   itemscope=\"itemscope\" itemtype=\"https:\/\/schema.org\/CreativeWork\" ><div class='avia_textblock'  itemprop=\"text\" ><p><strong><img loading=\"lazy\" decoding=\"async\" class=\"wp-image-213 size-full alignleft\" src=\"http:\/\/puntdereferencia.org\/wp-content\/uploads\/2024\/06\/rodona-verdaG.png\" alt=\"\" width=\"22\" height=\"50\" \/> European Mentoring Summit 2024<\/strong><br \/>\n(Par\u00eds, Francia)<\/p>\n<\/div><\/section><br \/>\n<section  class='av_textblock_section av-lxdenanl-049206d5dbeea5c4c9f9ee88f0f91d53 '   itemscope=\"itemscope\" itemtype=\"https:\/\/schema.org\/CreativeWork\" ><div class='avia_textblock'  itemprop=\"text\" ><p><strong>European Mentoring Summit 2022<\/strong><strong>\u00a0\u00a0<img loading=\"lazy\" decoding=\"async\" class=\"size-full wp-image-211 alignleft\" src=\"http:\/\/puntdereferencia.org\/wp-content\/uploads\/2024\/06\/rodona-onja-g.png\" alt=\"\" width=\"22\" height=\"50\" \/><\/strong><br \/>\n(Leeuwarden, Pa\u00edses Bajos)<\/p>\n<\/div><\/section><br \/>\n<section  class='av_textblock_section av-lxdeohx8-9dfd8965b2022b6235d77ba9c460ebc6 '   itemscope=\"itemscope\" itemtype=\"https:\/\/schema.org\/CreativeWork\" ><div class='avia_textblock'  itemprop=\"text\" ><p><strong><img loading=\"lazy\" decoding=\"async\" class=\"size-full wp-image-215 alignleft\" src=\"http:\/\/puntdereferencia.org\/wp-content\/uploads\/2024\/06\/rdona-lila-g.png\" alt=\"\" width=\"22\" height=\"50\" \/>\u00a0Congreso Estatal de Mentor\u00eda Social 2022<\/strong><br \/>\n(Pamplona, Espa\u00f1a)<\/p>\n<\/div><\/section><br \/>\n<section  class='av_textblock_section av-lxdeotjn-0135b46a1e713ac58aa77eb2eb1474f3 '   itemscope=\"itemscope\" itemtype=\"https:\/\/schema.org\/CreativeWork\" ><div class='avia_textblock'  itemprop=\"text\" ><p><img loading=\"lazy\" decoding=\"async\" class=\"size-full wp-image-209 alignleft\" src=\"http:\/\/puntdereferencia.org\/wp-content\/uploads\/2024\/06\/rodona-balnvag.png\" alt=\"\" width=\"22\" height=\"50\" \/><strong>7th European Migration Forum 2022<\/strong><br \/>\n(Bruselas, B\u00e9lgica)<\/p>\n<\/div><\/section><\/p><\/div><div  class='flex_column av-jbtig-7271f5ea668a85d15e2c6cff0179e2e7 av_one_half  avia-builder-el-36  el_after_av_one_half  avia-builder-el-last  flex_column_div  column-top-margin'     ><p><section  class='av_textblock_section av-lxdek9g6-345db82a2957c071c25573eefc6b9b97 '   itemscope=\"itemscope\" itemtype=\"https:\/\/schema.org\/CreativeWork\" ><div class='avia_textblock'  itemprop=\"text\" ><p><strong><img loading=\"lazy\" decoding=\"async\" class=\"size-medium wp-image-212 alignleft\" src=\"http:\/\/puntdereferencia.org\/wp-content\/uploads\/2024\/06\/rodona-rosa-g.png\" alt=\"\" width=\"22\" height=\"50\" \/>Jornada \u00abMigracions, Refugi i Antiracisme\u00bb 2022<\/strong><br \/>\n(Barcelona, Catalu\u00f1a)<\/p>\n<\/div><\/section><br \/>\n<section  class='av_textblock_section av-lxdem7h8-23fa1f3e8f0e9a33ab5490e55564a324 '   itemscope=\"itemscope\" itemtype=\"https:\/\/schema.org\/CreativeWork\" ><div class='avia_textblock'  itemprop=\"text\" ><p><strong><img loading=\"lazy\" decoding=\"async\" class=\"size-medium wp-image-210 alignleft\" src=\"http:\/\/puntdereferencia.org\/wp-content\/uploads\/2024\/06\/rodona-grogaG.png\" alt=\"\" width=\"22\" height=\"50\" \/>7\u00e8 Congr\u00e9s del Tercer Sector Social 2022<\/strong><br \/>\n(Barcelona, Catalu\u00f1a)<\/p>\n<\/div><\/section><br \/>\n<section  class='av_textblock_section av-lxdemib5-7a99e4f169474102ec4c9e8345d0d319 '   itemscope=\"itemscope\" itemtype=\"https:\/\/schema.org\/CreativeWork\" ><div class='avia_textblock'  itemprop=\"text\" ><p><strong><img loading=\"lazy\" decoding=\"async\" class=\"size-medium wp-image-213 alignleft\" src=\"http:\/\/puntdereferencia.org\/wp-content\/uploads\/2024\/06\/rodona-verdaG.png\" alt=\"\" width=\"22\" height=\"50\" \/>F\u00f2rum d\u2019abandonament i traject\u00f2ries educatives 2022<\/strong><br \/>\n(Barcelona, Catalu\u00f1a)<\/p>\n<\/div><\/section><\/p><\/div>\n\n<\/div><\/div><\/div><!-- close content main div --><\/div><\/div>\n<style type=\"text\/css\" data-created_by=\"avia_inline_auto\" id=\"style-css-av-lxdawbsr-dabe4e7a13f64b795fa50c7d9fe5af49\">\n.avia-section.av-lxdawbsr-dabe4e7a13f64b795fa50c7d9fe5af49{\nbackground-color:#ffffff;\nbackground-image:url(https:\/\/puntdereferencia.org\/wp-content\/uploads\/2024\/06\/fletxa-blava-fonsblanc.png);\nbackground-repeat:no-repeat;\nbackground-position:100% 0%;\nbackground-attachment:scroll;\n}\n<\/style>\n<div id='transparencia'  class='avia-section av-lxdawbsr-dabe4e7a13f64b795fa50c7d9fe5af49 main_color avia-section-default avia-no-border-styling  avia-builder-el-40  el_after_av_section  avia-builder-el-last  avia-bg-style-scroll container_wrap fullsize'  data-section-bg-repeat='no-repeat'><div class='container av-section-cont-open' ><div class='template-page content  av-content-full alpha units'><div class='post-entry post-entry-type-page post-entry-18574'><div class='entry-content-wrapper clearfix'>\n\n<style type=\"text\/css\" data-created_by=\"avia_inline_auto\" id=\"style-css-av-lyngu1cw-35c65c8ab3ba0d8503659c1eed6f2b3c\">\n#top .hr.hr-invisible.av-lyngu1cw-35c65c8ab3ba0d8503659c1eed6f2b3c{\nheight:125px;\n}\n<\/style>\n<div  class='hr av-lyngu1cw-35c65c8ab3ba0d8503659c1eed6f2b3c hr-invisible  avia-builder-el-41  el_before_av_two_third  avia-builder-el-first  av-desktop-hide av-medium-hide'><span class='hr-inner '><span class=\"hr-inner-style\"><\/span><\/span><\/div>\n<div class='flex_column_table av-x3x0-922a73af783eb90bfc4bf695f6b08f91 sc-av_two_third av-equal-height-column-flextable'><div  class='flex_column av-x3x0-922a73af783eb90bfc4bf695f6b08f91 av_two_third  avia-builder-el-42  el_after_av_hr  el_before_av_one_third  first flex_column_table_cell av-equal-height-column av-align-middle  '     ><p><section  class='av_textblock_section av-lxdabgee-3836a8afc8d316e9b8a5f741932a5495 '   itemscope=\"itemscope\" itemtype=\"https:\/\/schema.org\/CreativeWork\" ><div class='avia_textblock majuscblau'  itemprop=\"text\" ><p>TRANSPARENCIA Y COMPROMISOS DE LA ASOCIACI\u00d3N<\/p>\n<\/div><\/section><br \/>\n<section  class='av_textblock_section av-718n4-0f3003eea833dc0ed6e5b5795ae81992 '   itemscope=\"itemscope\" itemtype=\"https:\/\/schema.org\/CreativeWork\" ><div class='avia_textblock'  itemprop=\"text\" ><h6>Como entidad, consideramos que la <strong>transparencia<\/strong> es un <strong>valor<\/strong> <strong>imprescindible<\/strong> para rendir cuentas de nuestra labor. Tambi\u00e9n mostramos nuestros compromisos con el entorno en cuestiones de <strong>sostenibilidad, feminismo y lengua<\/strong>.<\/h6>\n<\/div><\/section><\/p><\/div><div class='av-flex-placeholder'><\/div><div  class='flex_column av-7v49c-0af67b3d0b508ba14f69758c0b4f86d9 av_one_third  avia-builder-el-45  el_after_av_two_third  el_before_av_one_third  flex_column_table_cell av-equal-height-column av-align-middle  '     ><\/div><\/div><!--close column table wrapper. Autoclose: 1 --><div class='flex_column_table av-lxhe7uh8-e631b81b711a46291ac8560ee26b91e7 sc-av_one_third av-equal-height-column-flextable'>\n<style type=\"text\/css\" data-created_by=\"avia_inline_auto\" id=\"style-css-av-lxhe7uh8-e631b81b711a46291ac8560ee26b91e7\">\n.flex_column.av-lxhe7uh8-e631b81b711a46291ac8560ee26b91e7{\nborder-radius:0 0 0 0;\npadding:20px 20px 20px 20px;\nbackground-color:#3fadcc;\n}\n<\/style>\n<div  class='flex_column av-lxhe7uh8-e631b81b711a46291ac8560ee26b91e7 av_one_third  avia-builder-el-46  el_after_av_one_third  el_before_av_one_third  first flex_column_table_cell av-equal-height-column av-align-top  column-top-margin'     ><style type=\"text\/css\" data-created_by=\"avia_inline_auto\" id=\"style-css-av-lxhe7b1k-d3b96bb6228cb7785bc3e6567f3efef9\">\n#top .av_textblock_section.av-lxhe7b1k-d3b96bb6228cb7785bc3e6567f3efef9 .avia_textblock{\ncolor:#ffffff;\n}\n<\/style>\n<section  class='av_textblock_section av-lxhe7b1k-d3b96bb6228cb7785bc3e6567f3efef9 '   itemscope=\"itemscope\" itemtype=\"https:\/\/schema.org\/CreativeWork\" ><div class='avia_textblock av_inherit_color'  itemprop=\"text\" ><h5 style=\"text-align: left;\"><strong><img loading=\"lazy\" decoding=\"async\" class=\"wp-image-231 size-full alignleft\" src=\"http:\/\/puntdereferencia.org\/wp-content\/uploads\/2024\/06\/triangle-alt.png\" alt=\"\" width=\"15\" height=\"72\" \/>Transparencia<br \/>\n<\/strong><\/h5>\n<\/div><\/section><br \/>\n\n<style type=\"text\/css\" data-created_by=\"avia_inline_auto\" id=\"style-css-av-lxdaxfxk-9aa1ba925217a8cd917252f37e923415\">\n#top .av_textblock_section.av-lxdaxfxk-9aa1ba925217a8cd917252f37e923415 .avia_textblock{\ncolor:#000000;\n}\n.avia-fold-unfold-section.av-fold-textblock-av-lxdaxfxk-9aa1ba925217a8cd917252f37e923415 .av-fold-unfold-container{\nmax-height:20px;\n}\n#top .avia-fold-unfold-section.av-fold-textblock-av-lxdaxfxk-9aa1ba925217a8cd917252f37e923415 .av-fold-unfold-container:after{\nbackground:linear-gradient( to bottom, rgba(63,173,204,0), rgba(63,173,204,1) );\n}\n#top .avia-fold-unfold-section.av-fold-textblock-av-lxdaxfxk-9aa1ba925217a8cd917252f37e923415 .av-fold-button-container{\ncolor:#ffffff;\n}\n<\/style>\n<section id=\"avia_sc_text_23\" class='av_textblock_section av-lxdaxfxk-9aa1ba925217a8cd917252f37e923415 avia-fold-unfold-section avia-fold-textblock-wrap avia-fold-init av-fold-textblock-av-lxdaxfxk-9aa1ba925217a8cd917252f37e923415 align-left' data-fold_unfold=\"{&quot;type&quot;:&quot;avia-fold-unfold-section&quot;,&quot;height&quot;:&quot;20&quot;,&quot;more&quot;:&quot;Ver documentos&quot;,&quot;less&quot;:&quot;Esconder&quot;,&quot;context&quot;:&quot;avia_sc_text&quot;}\"  itemscope=\"itemscope\" itemtype=\"https:\/\/schema.org\/CreativeWork\" ><div class=\"av-fold-unfold-container folded\"><\/div><div class='av-fold-button-wrapper av-textblock-btn-wrap '><a href=\"#\" class=\"av-fold-button-container \" data-ignore_hash=\"1\" data-no_scroll_in_viewport=\"1\" data-scroll_top_offset=\"50\">Ver documentos<\/a><\/div><div class='avia_textblock av_inherit_color'  itemprop=\"text\" ><ul>\n<li><a href=\"\/wp-content\/uploads\/documents\/1.-Estatuts-vigents-copia-autentica-registrada.pdf\" target=\"_blank\" rel=\"noopener\">Estatutos vigentes &gt;<\/a><\/li>\n<li><a href=\"https:\/\/puntdereferencia.org\/wp-content\/uploads\/2025\/05\/01.-2024-Acord-laboral-intern_PdR.pdf\" target=\"_blank\" rel=\"noopener\">Acuerdo laboral interno &gt;<\/a><\/li>\n<li><a href=\"https:\/\/puntdereferencia.org\/wp-content\/uploads\/2025\/07\/Pressupost-Punt-de-Referencia-2025.pdf\" target=\"_blank\" rel=\"noopener\">Presupuesto 2025 &gt;<\/a><\/li>\n<li><a href=\"https:\/\/puntdereferencia.org\/wp-content\/uploads\/2025\/07\/PUNT-DE-REFERENCIA-CCAA-2024_compressed.pdf\" target=\"_blank\" rel=\"noopener\">Auditor\u00eda de cuentas 2024&gt;<\/a><\/li>\n<li><a href=\"https:\/\/puntdereferencia.org\/wp-content\/uploads\/2025\/05\/20250520-certificat-corrent-seguretat-social.pdf\" target=\"_blank\" rel=\"noopener\">Certificado de estar al corriente de las obligaciones con la Seguridad Social&gt;<\/a><\/li>\n<li><a href=\"https:\/\/puntdereferencia.org\/wp-content\/uploads\/2025\/05\/20250520-certificat-corrent-hisenda.pdf\" target=\"_blank\" rel=\"noopener\">Certificado de estar al corriente de obligaciones tributarias&gt;<\/a><\/li>\n<li><a href=\"https:\/\/puntdereferencia.org\/wp-content\/uploads\/2025\/05\/20250520-certificat-corrent-deutes-tributaris-ATC.pdf\" target=\"_blank\" rel=\"noopener\">Certificado de estar al corriente de obligaciones con la Agencia Tributaria de Catalunya&gt;<\/a><\/li>\n<li><a href=\"https:\/\/puntdereferencia.org\/wp-content\/uploads\/documents\/BalanSocial_XES.pdf\" target=\"_blank\" rel=\"noopener\">Balance Social 2023 &gt;<\/a><\/li>\n<li><a href=\"https:\/\/puntdereferencia.org\/wp-content\/uploads\/2025\/10\/Resultats-balanc-social-2025.pdf\">Balance Social 2025&gt;<\/a><\/li>\n<li><a href=\"https:\/\/puntdereferencia.org\/wp-content\/uploads\/2025\/05\/2025-certificat-llei-49_2002.pdf\" target=\"_blank\" rel=\"noopener\">Certificado de cumplimiento con la Ley 49\/2002 de mecenazgo&gt;<\/a><\/li>\n<li><a href=\"https:\/\/issuu.com\/puntdereferencia\/docs\/memo2022-web\" target=\"_blank\" rel=\"noopener\">Memoria social 2021&gt;<\/a><\/li>\n<li><a href=\"\/wp-content\/uploads\/documents\/PdR_Memoria22.pdf\" target=\"_blank\" rel=\"noopener\">Memoria social 2022&gt;<\/a><\/li>\n<li><a href=\"\/wp-content\/uploads\/documents\/PdR_Memoria23.pdf\" target=\"_blank\" rel=\"noopener\">Memoria social 2023&gt;<\/a><\/li>\n<li><a href=\"https:\/\/puntdereferencia.org\/wp-content\/uploads\/2025\/07\/PdR_Memoria24-2.pdf\">Memoria social 2024&gt;<\/a><\/li>\n<\/ul>\n<\/div><\/section><\/p><\/div><div class='av-flex-placeholder'><\/div>\n<style type=\"text\/css\" data-created_by=\"avia_inline_auto\" id=\"style-css-av-fawow-9ed794513fcbcc229776dea1a75c2f63\">\n.flex_column.av-fawow-9ed794513fcbcc229776dea1a75c2f63{\nborder-radius:0 0 0 0;\npadding:20px 20px 20px 20px;\nbackground-color:#3fadcc;\n}\n<\/style>\n<div  class='flex_column av-fawow-9ed794513fcbcc229776dea1a75c2f63 av_one_third  avia-builder-el-49  el_after_av_one_third  el_before_av_one_third  flex_column_table_cell av-equal-height-column av-align-top  column-top-margin'     ><style type=\"text\/css\" data-created_by=\"avia_inline_auto\" id=\"style-css-av-lxhfmgb7-36d36f79f46cc9f863151bae7e96c62b\">\n#top .av_textblock_section.av-lxhfmgb7-36d36f79f46cc9f863151bae7e96c62b .avia_textblock{\ncolor:#ffffff;\n}\n<\/style>\n<section  class='av_textblock_section av-lxhfmgb7-36d36f79f46cc9f863151bae7e96c62b '   itemscope=\"itemscope\" itemtype=\"https:\/\/schema.org\/CreativeWork\" ><div class='avia_textblock av_inherit_color'  itemprop=\"text\" ><h5 style=\"text-align: left;\"><strong><img loading=\"lazy\" decoding=\"async\" class=\"size-full wp-image-231 alignleft\" src=\"http:\/\/puntdereferencia.org\/wp-content\/uploads\/2024\/06\/triangle-alt.png\" alt=\"\" width=\"15\" height=\"72\" \/>Financiaci\u00f3n<br \/>\n<\/strong><\/h5>\n<\/div><\/section><br \/>\n\n<style type=\"text\/css\" data-created_by=\"avia_inline_auto\" id=\"style-css-av-lxhfop5t-35db4360d0e461cbd0002fa5f93a41b2\">\n#top .av_textblock_section.av-lxhfop5t-35db4360d0e461cbd0002fa5f93a41b2 .avia_textblock{\ncolor:#000000;\n}\n.avia-fold-unfold-section.av-fold-textblock-av-lxhfop5t-35db4360d0e461cbd0002fa5f93a41b2 .av-fold-unfold-container{\nmax-height:20px;\n}\n#top .avia-fold-unfold-section.av-fold-textblock-av-lxhfop5t-35db4360d0e461cbd0002fa5f93a41b2 .av-fold-unfold-container:after{\nbackground:linear-gradient( to bottom, rgba(63,173,204,0), rgba(63,173,204,1) );\n}\n#top .avia-fold-unfold-section.av-fold-textblock-av-lxhfop5t-35db4360d0e461cbd0002fa5f93a41b2 .av-fold-button-container{\ncolor:#ffffff;\n}\n<\/style>\n<section id=\"avia_sc_text_25\" class='av_textblock_section av-lxhfop5t-35db4360d0e461cbd0002fa5f93a41b2 avia-fold-unfold-section avia-fold-textblock-wrap avia-fold-init av-fold-textblock-av-lxhfop5t-35db4360d0e461cbd0002fa5f93a41b2 align-left' data-fold_unfold=\"{&quot;type&quot;:&quot;avia-fold-unfold-section&quot;,&quot;height&quot;:&quot;20&quot;,&quot;more&quot;:&quot;Ver documentos&quot;,&quot;less&quot;:&quot;Esconder&quot;,&quot;context&quot;:&quot;avia_sc_text&quot;}\"  itemscope=\"itemscope\" itemtype=\"https:\/\/schema.org\/CreativeWork\" ><div class=\"av-fold-unfold-container folded\"><\/div><div class='av-fold-button-wrapper av-textblock-btn-wrap '><a href=\"#\" class=\"av-fold-button-container \" data-ignore_hash=\"1\" data-no_scroll_in_viewport=\"1\" data-scroll_top_offset=\"50\">Ver documentos<\/a><\/div><div class='avia_textblock av_inherit_color'  itemprop=\"text\" ><ul>\n<li><a href=\"\/wp-content\/uploads\/documents\/PdR_Memoria23-despeses.pdf\" target=\"_blank\" rel=\"noopener\">Ingresos y gastos anuales &gt;<\/a><\/li>\n<\/ul>\n<\/div><\/section><\/p><\/div><div class='av-flex-placeholder'><\/div>\n<style type=\"text\/css\" data-created_by=\"avia_inline_auto\" id=\"style-css-av-10gmo-0bd862393b19ef3d85954b90842d6f37\">\n.flex_column.av-10gmo-0bd862393b19ef3d85954b90842d6f37{\nborder-radius:0 0 0 0;\npadding:20px 20px 20px 20px;\nbackground-color:#3fadcc;\n}\n<\/style>\n<div  class='flex_column av-10gmo-0bd862393b19ef3d85954b90842d6f37 av_one_third  avia-builder-el-52  el_after_av_one_third  avia-builder-el-last  flex_column_table_cell av-equal-height-column av-align-top  column-top-margin'     ><style type=\"text\/css\" data-created_by=\"avia_inline_auto\" id=\"style-css-av-lxhfnpnv-84f56b4e6a5f3ab405a45be574bb6932\">\n#top .av_textblock_section.av-lxhfnpnv-84f56b4e6a5f3ab405a45be574bb6932 .avia_textblock{\ncolor:#ffffff;\n}\n<\/style>\n<section  class='av_textblock_section av-lxhfnpnv-84f56b4e6a5f3ab405a45be574bb6932 '   itemscope=\"itemscope\" itemtype=\"https:\/\/schema.org\/CreativeWork\" ><div class='avia_textblock av_inherit_color'  itemprop=\"text\" ><h5 style=\"text-align: left;\"><strong><img loading=\"lazy\" decoding=\"async\" class=\"size-full wp-image-231 alignleft\" src=\"http:\/\/puntdereferencia.org\/wp-content\/uploads\/2024\/06\/triangle-alt.png\" alt=\"\" width=\"15\" height=\"72\" \/>Sostenibilidad, pol\u00edticas de g\u00e9nero y otros compromisos<br \/>\n<\/strong><\/h5>\n<\/div><\/section><br \/>\n\n<style type=\"text\/css\" data-created_by=\"avia_inline_auto\" id=\"style-css-av-lxhfpom5-ad1abd7536d953e77c9442d217175a9b\">\n#top .av_textblock_section.av-lxhfpom5-ad1abd7536d953e77c9442d217175a9b .avia_textblock{\ncolor:#000000;\n}\n.avia-fold-unfold-section.av-fold-textblock-av-lxhfpom5-ad1abd7536d953e77c9442d217175a9b .av-fold-unfold-container{\nmax-height:20px;\n}\n#top .avia-fold-unfold-section.av-fold-textblock-av-lxhfpom5-ad1abd7536d953e77c9442d217175a9b .av-fold-unfold-container:after{\nbackground:linear-gradient( to bottom, rgba(63,173,204,0), rgba(63,173,204,1) );\n}\n#top .avia-fold-unfold-section.av-fold-textblock-av-lxhfpom5-ad1abd7536d953e77c9442d217175a9b .av-fold-button-container{\ncolor:#ffffff;\n}\n<\/style>\n<section id=\"avia_sc_text_27\" class='av_textblock_section av-lxhfpom5-ad1abd7536d953e77c9442d217175a9b avia-fold-unfold-section avia-fold-textblock-wrap avia-fold-init av-fold-textblock-av-lxhfpom5-ad1abd7536d953e77c9442d217175a9b align-left' data-fold_unfold=\"{&quot;type&quot;:&quot;avia-fold-unfold-section&quot;,&quot;height&quot;:&quot;20&quot;,&quot;more&quot;:&quot;Ver documentos&quot;,&quot;less&quot;:&quot;Esconder&quot;,&quot;context&quot;:&quot;avia_sc_text&quot;}\"  itemscope=\"itemscope\" itemtype=\"https:\/\/schema.org\/CreativeWork\" ><div class=\"av-fold-unfold-container folded\"><\/div><div class='av-fold-button-wrapper av-textblock-btn-wrap '><a href=\"#\" class=\"av-fold-button-container \" data-ignore_hash=\"1\" data-no_scroll_in_viewport=\"1\" data-scroll_top_offset=\"50\">Ver documentos<\/a><\/div><div class='avia_textblock av_inherit_color'  itemprop=\"text\" ><ul>\n<li><a href=\"https:\/\/puntdereferencia.org\/wp-content\/uploads\/documents\/Politica-sostenibilitat.pdf\" target=\"_blank\" rel=\"noopener\">Pol\u00edtica de sostenibilidad: asociaci\u00f3n miembro de Barcelona + Sostenible. Nos alineamos con los objetivos de desarrollo sostenible de la Agenda 2030 a trav\u00e9s del acompa\u00f1amiento a j\u00f3venes extutelados.<\/a><\/li>\n<li><a href=\"https:\/\/puntdereferencia.org\/wp-content\/uploads\/documents\/0.-Protocol-de-Prevencio-Abusos-Sexuals.pdf\" target=\"_blank\" rel=\"noopener\">Protocolo de prevenci\u00f3n de abusos sexuales<\/a><\/li>\n<li><a href=\"https:\/\/puntdereferencia.org\/wp-content\/uploads\/documents\/pol%C3%ADtica-igualtat-de-genere.pdf\" target=\"_blank\" rel=\"noopener\">Pol\u00edtica de igualdad de g\u00e9nero<\/a><\/li>\n<li>Entidad adherida al <a href=\"https:\/\/llengua.gencat.cat\/ca\/serveis\/entitats\/cens-entitats\/\" target=\"_blank\" rel=\"noopener\"><strong>censo de entidades de fomento de la lengua catalana<\/strong><\/a> de la Generalitat de Catalunya.<\/li>\n<\/ul>\n<\/div><\/section><\/p><\/div><\/div><!--close column table wrapper. Autoclose: 1 -->\n","protected":false},"excerpt":{"rendered":"","protected":false},"author":1,"featured_media":16637,"parent":18571,"menu_order":0,"comment_status":"closed","ping_status":"closed","template":"","meta":{"footnotes":""},"class_list":["post-18574","page","type-page","status-publish","has-post-thumbnail","hentry"],"yoast_head":"<!-- This site is optimized with the Yoast SEO plugin v27.1.1 - https:\/\/yoast.com\/product\/yoast-seo-wordpress\/ -->\n<title>Quienes somos - Somos referentes - Punt de Referencia<\/title>\n<meta name=\"description\" content=\"Somos referentes. En Punt de Refer\u00e8ncia contamos con m\u00e1s de 25 a\u00f1os de trayectoria acompa\u00f1ando la emancipaci\u00f3n de los j\u00f3venes tutelados.\" \/>\n<meta name=\"robots\" content=\"index, follow, max-snippet:-1, max-image-preview:large, max-video-preview:-1\" \/>\n<link rel=\"canonical\" href=\"https:\/\/puntdereferencia.org\/es\/quienes-somos\/somos-referentes\/\" \/>\n<meta property=\"og:locale\" content=\"es_ES\" \/>\n<meta property=\"og:type\" content=\"article\" \/>\n<meta property=\"og:title\" content=\"Quienes somos - Somos referentes - Punt de Referencia\" \/>\n<meta property=\"og:description\" content=\"Somos referentes. En Punt de Refer\u00e8ncia contamos con m\u00e1s de 25 a\u00f1os de trayectoria acompa\u00f1ando la emancipaci\u00f3n de los j\u00f3venes tutelados.\" \/>\n<meta property=\"og:url\" content=\"https:\/\/puntdereferencia.org\/es\/quienes-somos\/somos-referentes\/\" \/>\n<meta property=\"og:site_name\" content=\"Punt de Referencia\" \/>\n<meta property=\"article:modified_time\" content=\"2025-10-07T10:16:45+00:00\" \/>\n<meta property=\"og:image\" content=\"https:\/\/puntdereferencia.org\/wp-content\/uploads\/2024\/06\/quisom-1-2.jpg\" \/>\n\t<meta property=\"og:image:width\" content=\"610\" \/>\n\t<meta property=\"og:image:height\" content=\"624\" \/>\n\t<meta property=\"og:image:type\" content=\"image\/jpeg\" \/>\n<meta name=\"twitter:card\" content=\"summary_large_image\" \/>\n<meta name=\"twitter:label1\" content=\"Tiempo de lectura\" \/>\n\t<meta name=\"twitter:data1\" content=\"10 minutos\" \/>\n<script type=\"application\/ld+json\" class=\"yoast-schema-graph\">{\"@context\":\"https:\/\/schema.org\",\"@graph\":[{\"@type\":\"WebPage\",\"@id\":\"https:\/\/puntdereferencia.org\/es\/quienes-somos\/somos-referentes\/\",\"url\":\"https:\/\/puntdereferencia.org\/es\/quienes-somos\/somos-referentes\/\",\"name\":\"Quienes somos - Somos referentes - Punt de Referencia\",\"isPartOf\":{\"@id\":\"https:\/\/puntdereferencia.org\/es\/#website\"},\"primaryImageOfPage\":{\"@id\":\"https:\/\/puntdereferencia.org\/es\/quienes-somos\/somos-referentes\/#primaryimage\"},\"image\":{\"@id\":\"https:\/\/puntdereferencia.org\/es\/quienes-somos\/somos-referentes\/#primaryimage\"},\"thumbnailUrl\":\"https:\/\/puntdereferencia.org\/wp-content\/uploads\/2024\/06\/quisom-1-2.jpg\",\"datePublished\":\"2024-06-13T12:06:39+00:00\",\"dateModified\":\"2025-10-07T10:16:45+00:00\",\"description\":\"Somos referentes. En Punt de Refer\u00e8ncia contamos con m\u00e1s de 25 a\u00f1os de trayectoria acompa\u00f1ando la emancipaci\u00f3n de los j\u00f3venes tutelados.\",\"breadcrumb\":{\"@id\":\"https:\/\/puntdereferencia.org\/es\/quienes-somos\/somos-referentes\/#breadcrumb\"},\"inLanguage\":\"es\",\"potentialAction\":[{\"@type\":\"ReadAction\",\"target\":[\"https:\/\/puntdereferencia.org\/es\/quienes-somos\/somos-referentes\/\"]}]},{\"@type\":\"ImageObject\",\"inLanguage\":\"es\",\"@id\":\"https:\/\/puntdereferencia.org\/es\/quienes-somos\/somos-referentes\/#primaryimage\",\"url\":\"https:\/\/puntdereferencia.org\/wp-content\/uploads\/2024\/06\/quisom-1-2.jpg\",\"contentUrl\":\"https:\/\/puntdereferencia.org\/wp-content\/uploads\/2024\/06\/quisom-1-2.jpg\",\"width\":610,\"height\":624},{\"@type\":\"BreadcrumbList\",\"@id\":\"https:\/\/puntdereferencia.org\/es\/quienes-somos\/somos-referentes\/#breadcrumb\",\"itemListElement\":[{\"@type\":\"ListItem\",\"position\":1,\"name\":\"Inici\",\"item\":\"https:\/\/puntdereferencia.org\/es\/inicio\/\"},{\"@type\":\"ListItem\",\"position\":2,\"name\":\"Quienes somos &#8211; La entidad\",\"item\":\"https:\/\/puntdereferencia.org\/es\/quienes-somos\/\"},{\"@type\":\"ListItem\",\"position\":3,\"name\":\"Quienes somos &#8211; Somos referentes\"}]},{\"@type\":\"WebSite\",\"@id\":\"https:\/\/puntdereferencia.org\/es\/#website\",\"url\":\"https:\/\/puntdereferencia.org\/es\/\",\"name\":\"Punt de Referencia\",\"description\":\"\",\"potentialAction\":[{\"@type\":\"SearchAction\",\"target\":{\"@type\":\"EntryPoint\",\"urlTemplate\":\"https:\/\/puntdereferencia.org\/es\/?s={search_term_string}\"},\"query-input\":{\"@type\":\"PropertyValueSpecification\",\"valueRequired\":true,\"valueName\":\"search_term_string\"}}],\"inLanguage\":\"es\"}]}<\/script>\n<!-- \/ Yoast SEO plugin. -->","yoast_head_json":{"title":"Quienes somos - Somos referentes - Punt de Referencia","description":"Somos referentes. En Punt de Refer\u00e8ncia contamos con m\u00e1s de 25 a\u00f1os de trayectoria acompa\u00f1ando la emancipaci\u00f3n de los j\u00f3venes tutelados.","robots":{"index":"index","follow":"follow","max-snippet":"max-snippet:-1","max-image-preview":"max-image-preview:large","max-video-preview":"max-video-preview:-1"},"canonical":"https:\/\/puntdereferencia.org\/es\/quienes-somos\/somos-referentes\/","og_locale":"es_ES","og_type":"article","og_title":"Quienes somos - Somos referentes - Punt de Referencia","og_description":"Somos referentes. En Punt de Refer\u00e8ncia contamos con m\u00e1s de 25 a\u00f1os de trayectoria acompa\u00f1ando la emancipaci\u00f3n de los j\u00f3venes tutelados.","og_url":"https:\/\/puntdereferencia.org\/es\/quienes-somos\/somos-referentes\/","og_site_name":"Punt de Referencia","article_modified_time":"2025-10-07T10:16:45+00:00","og_image":[{"width":610,"height":624,"url":"https:\/\/puntdereferencia.org\/wp-content\/uploads\/2024\/06\/quisom-1-2.jpg","type":"image\/jpeg"}],"twitter_card":"summary_large_image","twitter_misc":{"Tiempo de lectura":"10 minutos"},"schema":{"@context":"https:\/\/schema.org","@graph":[{"@type":"WebPage","@id":"https:\/\/puntdereferencia.org\/es\/quienes-somos\/somos-referentes\/","url":"https:\/\/puntdereferencia.org\/es\/quienes-somos\/somos-referentes\/","name":"Quienes somos - Somos referentes - Punt de Referencia","isPartOf":{"@id":"https:\/\/puntdereferencia.org\/es\/#website"},"primaryImageOfPage":{"@id":"https:\/\/puntdereferencia.org\/es\/quienes-somos\/somos-referentes\/#primaryimage"},"image":{"@id":"https:\/\/puntdereferencia.org\/es\/quienes-somos\/somos-referentes\/#primaryimage"},"thumbnailUrl":"https:\/\/puntdereferencia.org\/wp-content\/uploads\/2024\/06\/quisom-1-2.jpg","datePublished":"2024-06-13T12:06:39+00:00","dateModified":"2025-10-07T10:16:45+00:00","description":"Somos referentes. En Punt de Refer\u00e8ncia contamos con m\u00e1s de 25 a\u00f1os de trayectoria acompa\u00f1ando la emancipaci\u00f3n de los j\u00f3venes tutelados.","breadcrumb":{"@id":"https:\/\/puntdereferencia.org\/es\/quienes-somos\/somos-referentes\/#breadcrumb"},"inLanguage":"es","potentialAction":[{"@type":"ReadAction","target":["https:\/\/puntdereferencia.org\/es\/quienes-somos\/somos-referentes\/"]}]},{"@type":"ImageObject","inLanguage":"es","@id":"https:\/\/puntdereferencia.org\/es\/quienes-somos\/somos-referentes\/#primaryimage","url":"https:\/\/puntdereferencia.org\/wp-content\/uploads\/2024\/06\/quisom-1-2.jpg","contentUrl":"https:\/\/puntdereferencia.org\/wp-content\/uploads\/2024\/06\/quisom-1-2.jpg","width":610,"height":624},{"@type":"BreadcrumbList","@id":"https:\/\/puntdereferencia.org\/es\/quienes-somos\/somos-referentes\/#breadcrumb","itemListElement":[{"@type":"ListItem","position":1,"name":"Inici","item":"https:\/\/puntdereferencia.org\/es\/inicio\/"},{"@type":"ListItem","position":2,"name":"Quienes somos &#8211; La entidad","item":"https:\/\/puntdereferencia.org\/es\/quienes-somos\/"},{"@type":"ListItem","position":3,"name":"Quienes somos &#8211; Somos referentes"}]},{"@type":"WebSite","@id":"https:\/\/puntdereferencia.org\/es\/#website","url":"https:\/\/puntdereferencia.org\/es\/","name":"Punt de Referencia","description":"","potentialAction":[{"@type":"SearchAction","target":{"@type":"EntryPoint","urlTemplate":"https:\/\/puntdereferencia.org\/es\/?s={search_term_string}"},"query-input":{"@type":"PropertyValueSpecification","valueRequired":true,"valueName":"search_term_string"}}],"inLanguage":"es"}]}},"_links":{"self":[{"href":"https:\/\/puntdereferencia.org\/es\/wp-json\/wp\/v2\/pages\/18574","targetHints":{"allow":["GET"]}}],"collection":[{"href":"https:\/\/puntdereferencia.org\/es\/wp-json\/wp\/v2\/pages"}],"about":[{"href":"https:\/\/puntdereferencia.org\/es\/wp-json\/wp\/v2\/types\/page"}],"author":[{"embeddable":true,"href":"https:\/\/puntdereferencia.org\/es\/wp-json\/wp\/v2\/users\/1"}],"replies":[{"embeddable":true,"href":"https:\/\/puntdereferencia.org\/es\/wp-json\/wp\/v2\/comments?post=18574"}],"version-history":[{"count":23,"href":"https:\/\/puntdereferencia.org\/es\/wp-json\/wp\/v2\/pages\/18574\/revisions"}],"predecessor-version":[{"id":29801,"href":"https:\/\/puntdereferencia.org\/es\/wp-json\/wp\/v2\/pages\/18574\/revisions\/29801"}],"up":[{"embeddable":true,"href":"https:\/\/puntdereferencia.org\/es\/wp-json\/wp\/v2\/pages\/18571"}],"wp:featuredmedia":[{"embeddable":true,"href":"https:\/\/puntdereferencia.org\/es\/wp-json\/wp\/v2\/media\/16637"}],"wp:attachment":[{"href":"https:\/\/puntdereferencia.org\/es\/wp-json\/wp\/v2\/media?parent=18574"}],"curies":[{"name":"wp","href":"https:\/\/api.w.org\/{rel}","templated":true}]}}